{"id":6228,"date":"2021-01-23T16:41:12","date_gmt":"2021-01-23T16:41:12","guid":{"rendered":"https:\/\/fos.consulting\/?page_id=6228"},"modified":"2024-11-22T13:35:04","modified_gmt":"2024-11-22T12:35:04","slug":"noticias","status":"publish","type":"page","link":"https:\/\/fos.consulting\/en\/noticias\/","title":{"rendered":"News"},"content":{"rendered":"<div id=\"fws_6a98119c40205\"  data-column-margin=\"default\" data-midnight=\"dark\" data-top-percent=\"6%\"  class=\"wpb_row vc_row-fluid vc_row full-width-content vc_row-o-equal-height vc_row-flex vc_row-o-content-top\"  style=\"padding-top: calc(100vw * 0.06); padding-bottom: 0px; \"><div class=\"row-bg-wrap\" data-bg-animation=\"none\" data-bg-animation-delay=\"\" data-bg-overlay=\"false\"><div class=\"inner-wrap row-bg-layer\" ><div class=\"row-bg viewport-desktop using-bg-color\"  style=\"background-color: #ffffff; \"><\/div><\/div><\/div><div class=\"row_col_wrap_12 col span_12 dark left\">\n\t<div style=\"\" class=\"vc_col-sm-12 wpb_column column_container vc_column_container col centered-text no-extra-padding inherit_tablet inherit_phone\" data-using-bg=\"true\" data-padding-pos=\"all\" data-has-bg-color=\"true\" data-bg-color=\"#ffffff\" data-bg-opacity=\"1\" data-animation=\"\" data-delay=\"0\" >\n\t\t<div class=\"vc_column-inner\" ><div class=\"column-bg-overlay-wrap column-bg-layer\" data-bg-animation=\"none\"><div class=\"column-bg-overlay\" style=\"opacity: 1; background-color: #ffffff;\"><\/div><\/div>\n\t\t\t<div class=\"wpb_wrapper\">\n\t\t\t\t<div class=\"col span_12 section-title text-align-center extra-padding\"><h2>\n<h1 style=\"text-align: center\">News<\/h1>\n<\/h2><\/div><div class=\"clear\"><\/div>\n\t\t\t<\/div> \n\t\t<\/div>\n\t<\/div> \n<\/div><\/div>\n\t\t<div id=\"fws_6a98119c428bd\"  data-column-margin=\"default\" data-midnight=\"dark\"  class=\"wpb_row vc_row-fluid vc_row full-width-section\"  style=\"padding-top: 0px; padding-bottom: 0px; \"><div class=\"row-bg-wrap\" data-bg-animation=\"none\" data-bg-animation-delay=\"\" data-bg-overlay=\"false\"><div class=\"inner-wrap row-bg-layer\" ><div class=\"row-bg viewport-desktop\"  style=\"\"><\/div><\/div><\/div><div class=\"row_col_wrap_12 col span_12 dark left\">\n\t<div  class=\"vc_col-sm-12 wpb_column column_container vc_column_container col no-extra-padding inherit_tablet inherit_phone\"  data-padding-pos=\"all\" data-has-bg-color=\"false\" data-bg-color=\"\" data-bg-opacity=\"1\" data-animation=\"\" data-delay=\"0\" >\n\t\t<div class=\"vc_column-inner\" >\n\t\t\t<div class=\"wpb_wrapper\">\n\t\t\t\t\n<div class=\"row\">\n\n <div class=\"full-width-content blog-fullwidth-wrap meta-overlaid\"><div class=\"post-area col  span_12 col_last masonry auto_meta_overlaid_spaced\" data-ams=\"4px\" data-remove-post-date=\"1\" data-remove-post-author=\"1\" data-remove-post-comment-number=\"1\" data-remove-post-nectar-love=\"\"> <div class=\"posts-container\" data-load-animation=\"fade_in\">     \n     \n<article id=\"post-61596\" class=\"masonry-blog-item post-61596 post type-post status-publish format-standard has-post-thumbnail category-noticias\">  \n    \n  <div class=\"inner-wrap animated\">\n    \n    <div class=\"post-content\">\n\n      <div class=\"content-inner\">\n        \n        <a class=\"entire-meta-link\" href=\"https:\/\/fos.consulting\/en\/blog\/2026\/09\/02\/palladium-hotel-group-presenta-bless-barcelona\/\"><span class=\"screen-reader-text\">Palladium Hotel Group presenta Bless Barcelona<\/span><\/a>\n        \n        <span class=\"post-featured-img\"><img loading=\"lazy\" decoding=\"async\" width=\"800\" height=\"563\" src=\"https:\/\/fos.consulting\/wp-content\/uploads\/2026\/09\/8107424-eGRktK-800x563.avif\" class=\"attachment-medium_featured size-medium_featured not-transparent skip-lazy wp-post-image\" alt=\"\" title=\"\" sizes=\"auto, (min-width: 690px) 50vw, 100vw\" data-has-transparency=\"false\" data-dominant-color=\"7d6b5d\" style=\"--dominant-color: #7d6b5d;\" \/><\/span>        \n        <div class=\"article-content-wrap\">\n          \n          <span class=\"meta-category\"><a class=\"noticias\" href=\"https:\/\/fos.consulting\/en\/categorias-base\/noticias\/\">Revistahosteleria.com<\/a><\/span>          \n          <div class=\"post-header\">\n            <h3 class=\"title\"><a href=\"https:\/\/fos.consulting\/en\/blog\/2026\/09\/02\/palladium-hotel-group-presenta-bless-barcelona\/\"> Palladium Hotel Group presenta Bless Barcelona<\/a><\/h3>\n                      <\/div>\n          \n        <\/div><!--article-content-wrap-->\n        \n      <\/div><!--\/content-inner-->\n        \n    <\/div><!--\/post-content-->\n      \n  <\/div><!--\/inner-wrap-->\n    \n<\/article>     \n     \n<article id=\"post-61598\" class=\"masonry-blog-item post-61598 post type-post status-publish format-standard has-post-thumbnail category-noticias\">  \n    \n  <div class=\"inner-wrap animated\">\n    \n    <div class=\"post-content\">\n\n      <div class=\"content-inner\">\n        \n        <a class=\"entire-meta-link\" href=\"https:\/\/fos.consulting\/en\/blog\/2026\/09\/02\/hoteles-bestprice-adjudica-a-construcciones-conter-las-obras-de-su-hotel-en-logrono\/\"><span class=\"screen-reader-text\">Hoteles Bestprice adjudica a Construcciones Conter las obras de su hotel en Logro\u00f1o<\/span><\/a>\n        \n        <span class=\"post-featured-img\"><img loading=\"lazy\" decoding=\"async\" width=\"716\" height=\"474\" src=\"https:\/\/fos.consulting\/wp-content\/uploads\/2026\/09\/8087030-r5vAtY.avif\" class=\"attachment-medium_featured size-medium_featured not-transparent skip-lazy wp-post-image\" alt=\"\" title=\"\" sizes=\"auto, (min-width: 690px) 50vw, 100vw\" srcset=\"https:\/\/fos.consulting\/wp-content\/uploads\/2026\/09\/8087030-r5vAtY.avif 716w, https:\/\/fos.consulting\/wp-content\/uploads\/2026\/09\/8087030-r5vAtY-300x199.avif 300w, https:\/\/fos.consulting\/wp-content\/uploads\/2026\/09\/8087030-r5vAtY-18x12.avif 18w\" data-has-transparency=\"false\" data-dominant-color=\"e8e8e8\" style=\"--dominant-color: #e8e8e8;\" \/><\/span>        \n        <div class=\"article-content-wrap\">\n          \n          <span class=\"meta-category\"><a class=\"noticias\" href=\"https:\/\/fos.consulting\/en\/categorias-base\/noticias\/\">Revistahosteleria.com<\/a><\/span>          \n          <div class=\"post-header\">\n            <h3 class=\"title\"><a href=\"https:\/\/fos.consulting\/en\/blog\/2026\/09\/02\/hoteles-bestprice-adjudica-a-construcciones-conter-las-obras-de-su-hotel-en-logrono\/\"> Hoteles Bestprice adjudica a Construcciones Conter las obras de su hotel en Logro\u00f1o<\/a><\/h3>\n                      <\/div>\n          \n        <\/div><!--article-content-wrap-->\n        \n      <\/div><!--\/content-inner-->\n        \n    <\/div><!--\/post-content-->\n      \n  <\/div><!--\/inner-wrap-->\n    \n<\/article>     \n     \n<article id=\"post-61600\" class=\"masonry-blog-item post-61600 post type-post status-publish format-standard has-post-thumbnail category-noticias\">  \n    \n  <div class=\"inner-wrap animated\">\n    \n    <div class=\"post-content\">\n\n      <div class=\"content-inner\">\n        \n        <a class=\"entire-meta-link\" href=\"https:\/\/fos.consulting\/en\/blog\/2026\/09\/02\/bb-hotels-abre-en-el-centro-comercial-thader-su-cuarto-hotel-en-la-region-de-murcia\/\"><span class=\"screen-reader-text\">B&amp;B Hotels abre en el Centro Comercial Thader su cuarto hotel en la Regi\u00f3n de Murcia<\/span><\/a>\n        \n        <span class=\"post-featured-img\"><img loading=\"lazy\" decoding=\"async\" width=\"800\" height=\"800\" src=\"https:\/\/fos.consulting\/wp-content\/uploads\/2026\/09\/8087034-JMG305-800x800.avif\" class=\"attachment-medium_featured size-medium_featured not-transparent skip-lazy wp-post-image\" alt=\"\" title=\"\" sizes=\"auto, (min-width: 690px) 50vw, 100vw\" srcset=\"https:\/\/fos.consulting\/wp-content\/uploads\/2026\/09\/8087034-JMG305-800x800.avif 800w, https:\/\/fos.consulting\/wp-content\/uploads\/2026\/09\/8087034-JMG305-150x150.avif 150w, https:\/\/fos.consulting\/wp-content\/uploads\/2026\/09\/8087034-JMG305-140x140.avif 140w, https:\/\/fos.consulting\/wp-content\/uploads\/2026\/09\/8087034-JMG305-100x100.avif 100w, https:\/\/fos.consulting\/wp-content\/uploads\/2026\/09\/8087034-JMG305-500x500.avif 500w, https:\/\/fos.consulting\/wp-content\/uploads\/2026\/09\/8087034-JMG305-350x350.avif 350w, https:\/\/fos.consulting\/wp-content\/uploads\/2026\/09\/8087034-JMG305-1000x1000.avif 1000w, https:\/\/fos.consulting\/wp-content\/uploads\/2026\/09\/8087034-JMG305-50x50.avif 50w, https:\/\/fos.consulting\/wp-content\/uploads\/2026\/09\/8087034-JMG305.avif 1600w\" data-has-transparency=\"false\" data-dominant-color=\"6f5b5b\" style=\"--dominant-color: #6f5b5b;\" \/><\/span>        \n        <div class=\"article-content-wrap\">\n          \n          <span class=\"meta-category\"><a class=\"noticias\" href=\"https:\/\/fos.consulting\/en\/categorias-base\/noticias\/\">Revistahosteleria.com<\/a><\/span>          \n          <div class=\"post-header\">\n            <h3 class=\"title\"><a href=\"https:\/\/fos.consulting\/en\/blog\/2026\/09\/02\/bb-hotels-abre-en-el-centro-comercial-thader-su-cuarto-hotel-en-la-region-de-murcia\/\"> B&amp;B Hotels abre en el Centro Comercial Thader su cuarto hotel en la Regi\u00f3n de Murcia<\/a><\/h3>\n                      <\/div>\n          \n        <\/div><!--article-content-wrap-->\n        \n      <\/div><!--\/content-inner-->\n        \n    <\/div><!--\/post-content-->\n      \n  <\/div><!--\/inner-wrap-->\n    \n<\/article>     \n     \n<article id=\"post-61585\" class=\"masonry-blog-item post-61585 post type-post status-publish format-standard has-post-thumbnail category-noticias\">  \n    \n  <div class=\"inner-wrap animated\">\n    \n    <div class=\"post-content\">\n\n      <div class=\"content-inner\">\n        \n        <a class=\"entire-meta-link\" href=\"https:\/\/fos.consulting\/en\/blog\/2026\/09\/02\/el-turismo-internacional-representa-en-espana-el-28-de-las-reservas-de-restaurantes-en-agosto\/\"><span class=\"screen-reader-text\">El turismo internacional representa en Espa\u00f1a el 28% de las reservas de restaurantes en agosto<\/span><\/a>\n        \n        <span class=\"post-featured-img\"><img loading=\"lazy\" decoding=\"async\" width=\"800\" height=\"355\" src=\"https:\/\/fos.consulting\/wp-content\/uploads\/2026\/09\/8104983-sKzyeU-800x355.avif\" class=\"attachment-medium_featured size-medium_featured not-transparent skip-lazy wp-post-image\" alt=\"\" title=\"\" sizes=\"auto, (min-width: 690px) 50vw, 100vw\" srcset=\"https:\/\/fos.consulting\/wp-content\/uploads\/2026\/09\/8104983-sKzyeU-800x355.avif 800w, https:\/\/fos.consulting\/wp-content\/uploads\/2026\/09\/8104983-sKzyeU-18x7.avif 18w\" data-has-transparency=\"false\" data-dominant-color=\"387160\" style=\"--dominant-color: #387160;\" \/><\/span>        \n        <div class=\"article-content-wrap\">\n          \n          <span class=\"meta-category\"><a class=\"noticias\" href=\"https:\/\/fos.consulting\/en\/categorias-base\/noticias\/\">Revistahosteleria.com<\/a><\/span>          \n          <div class=\"post-header\">\n            <h3 class=\"title\"><a href=\"https:\/\/fos.consulting\/en\/blog\/2026\/09\/02\/el-turismo-internacional-representa-en-espana-el-28-de-las-reservas-de-restaurantes-en-agosto\/\"> El turismo internacional representa en Espa\u00f1a el 28% de las reservas de restaurantes en agosto<\/a><\/h3>\n                      <\/div>\n          \n        <\/div><!--article-content-wrap-->\n        \n      <\/div><!--\/content-inner-->\n        \n    <\/div><!--\/post-content-->\n      \n  <\/div><!--\/inner-wrap-->\n    \n<\/article>     \n     \n<article id=\"post-61587\" class=\"masonry-blog-item post-61587 post type-post status-publish format-standard has-post-thumbnail category-noticias\">  \n    \n  <div class=\"inner-wrap animated\">\n    \n    <div class=\"post-content\">\n\n      <div class=\"content-inner\">\n        \n        <a class=\"entire-meta-link\" href=\"https:\/\/fos.consulting\/en\/blog\/2026\/09\/02\/popeyes-llega-a-marbella\/\"><span class=\"screen-reader-text\">Popeyes llega a Marbella<\/span><\/a>\n        \n        <span class=\"post-featured-img\"><img loading=\"lazy\" decoding=\"async\" width=\"800\" height=\"800\" src=\"https:\/\/fos.consulting\/wp-content\/uploads\/2026\/09\/8104940-0k9WDk-800x800.avif\" class=\"attachment-medium_featured size-medium_featured not-transparent skip-lazy wp-post-image\" alt=\"\" title=\"\" sizes=\"auto, (min-width: 690px) 50vw, 100vw\" srcset=\"https:\/\/fos.consulting\/wp-content\/uploads\/2026\/09\/8104940-0k9WDk-800x800.avif 800w, https:\/\/fos.consulting\/wp-content\/uploads\/2026\/09\/8104940-0k9WDk-150x150.avif 150w, https:\/\/fos.consulting\/wp-content\/uploads\/2026\/09\/8104940-0k9WDk-140x140.avif 140w, https:\/\/fos.consulting\/wp-content\/uploads\/2026\/09\/8104940-0k9WDk-100x100.avif 100w, https:\/\/fos.consulting\/wp-content\/uploads\/2026\/09\/8104940-0k9WDk-500x500.avif 500w, https:\/\/fos.consulting\/wp-content\/uploads\/2026\/09\/8104940-0k9WDk-350x350.avif 350w, https:\/\/fos.consulting\/wp-content\/uploads\/2026\/09\/8104940-0k9WDk-1000x1000.avif 1000w, https:\/\/fos.consulting\/wp-content\/uploads\/2026\/09\/8104940-0k9WDk-50x50.avif 50w, https:\/\/fos.consulting\/wp-content\/uploads\/2026\/09\/8104940-0k9WDk.avif 1600w\" data-has-transparency=\"false\" data-dominant-color=\"837a75\" style=\"--dominant-color: #837a75;\" \/><\/span>        \n        <div class=\"article-content-wrap\">\n          \n          <span class=\"meta-category\"><a class=\"noticias\" href=\"https:\/\/fos.consulting\/en\/categorias-base\/noticias\/\">Revistahosteleria.com<\/a><\/span>          \n          <div class=\"post-header\">\n            <h3 class=\"title\"><a href=\"https:\/\/fos.consulting\/en\/blog\/2026\/09\/02\/popeyes-llega-a-marbella\/\"> Popeyes llega a Marbella<\/a><\/h3>\n                      <\/div>\n          \n        <\/div><!--article-content-wrap-->\n        \n      <\/div><!--\/content-inner-->\n        \n    <\/div><!--\/post-content-->\n      \n  <\/div><!--\/inner-wrap-->\n    \n<\/article>     \n     \n<article id=\"post-61589\" class=\"masonry-blog-item post-61589 post type-post status-publish format-standard has-post-thumbnail category-noticias\">  \n    \n  <div class=\"inner-wrap animated\">\n    \n    <div class=\"post-content\">\n\n      <div class=\"content-inner\">\n        \n        <a class=\"entire-meta-link\" href=\"https:\/\/fos.consulting\/en\/blog\/2026\/09\/02\/hyatt-nombra-a-guido-fredrich-vicepresidente-de-desarrollo-de-lujo-y-lifestyle\/\"><span class=\"screen-reader-text\">Hyatt nombra a Guido Fredrich vicepresidente de Desarrollo de Lujo y Lifestyle<\/span><\/a>\n        \n        <span class=\"post-featured-img\"><img loading=\"lazy\" decoding=\"async\" width=\"800\" height=\"798\" src=\"https:\/\/fos.consulting\/wp-content\/uploads\/2026\/09\/8108362-EHkG8o-800x798.avif\" class=\"attachment-medium_featured size-medium_featured not-transparent skip-lazy wp-post-image\" alt=\"\" title=\"\" sizes=\"auto, (min-width: 690px) 50vw, 100vw\" srcset=\"https:\/\/fos.consulting\/wp-content\/uploads\/2026\/09\/8108362-EHkG8o-800x798.avif 800w, https:\/\/fos.consulting\/wp-content\/uploads\/2026\/09\/8108362-EHkG8o-150x150.avif 150w, https:\/\/fos.consulting\/wp-content\/uploads\/2026\/09\/8108362-EHkG8o-140x140.avif 140w, https:\/\/fos.consulting\/wp-content\/uploads\/2026\/09\/8108362-EHkG8o-100x100.avif 100w, https:\/\/fos.consulting\/wp-content\/uploads\/2026\/09\/8108362-EHkG8o-500x500.avif 500w, https:\/\/fos.consulting\/wp-content\/uploads\/2026\/09\/8108362-EHkG8o-350x350.avif 350w, https:\/\/fos.consulting\/wp-content\/uploads\/2026\/09\/8108362-EHkG8o-50x50.avif 50w\" data-has-transparency=\"false\" data-dominant-color=\"88858b\" style=\"--dominant-color: #88858b;\" \/><\/span>        \n        <div class=\"article-content-wrap\">\n          \n          <span class=\"meta-category\"><a class=\"noticias\" href=\"https:\/\/fos.consulting\/en\/categorias-base\/noticias\/\">Revistahosteleria.com<\/a><\/span>          \n          <div class=\"post-header\">\n            <h3 class=\"title\"><a href=\"https:\/\/fos.consulting\/en\/blog\/2026\/09\/02\/hyatt-nombra-a-guido-fredrich-vicepresidente-de-desarrollo-de-lujo-y-lifestyle\/\"> Hyatt nombra a Guido Fredrich vicepresidente de Desarrollo de Lujo y Lifestyle<\/a><\/h3>\n                      <\/div>\n          \n        <\/div><!--article-content-wrap-->\n        \n      <\/div><!--\/content-inner-->\n        \n    <\/div><!--\/post-content-->\n      \n  <\/div><!--\/inner-wrap-->\n    \n<\/article>     \n     \n<article id=\"post-61578\" class=\"masonry-blog-item post-61578 post type-post status-publish format-standard has-post-thumbnail category-noticias\">  \n    \n  <div class=\"inner-wrap animated\">\n    \n    <div class=\"post-content\">\n\n      <div class=\"content-inner\">\n        \n        <a class=\"entire-meta-link\" href=\"https:\/\/fos.consulting\/en\/blog\/2026\/09\/02\/la-experiencia-internacional-permite-a-resuinsa-anticipar-nuevas-necesidades\/\"><span class=\"screen-reader-text\">La experiencia internacional permite a Resuinsa anticipar nuevas necesidades<\/span><\/a>\n        \n        <span class=\"post-featured-img\"><img loading=\"lazy\" decoding=\"async\" width=\"800\" height=\"800\" src=\"https:\/\/fos.consulting\/wp-content\/uploads\/2026\/09\/8087038-9SncQn-800x800.avif\" class=\"attachment-medium_featured size-medium_featured not-transparent skip-lazy wp-post-image\" alt=\"\" title=\"\" sizes=\"auto, (min-width: 690px) 50vw, 100vw\" srcset=\"https:\/\/fos.consulting\/wp-content\/uploads\/2026\/09\/8087038-9SncQn-800x800.avif 800w, https:\/\/fos.consulting\/wp-content\/uploads\/2026\/09\/8087038-9SncQn-150x150.avif 150w, https:\/\/fos.consulting\/wp-content\/uploads\/2026\/09\/8087038-9SncQn-140x140.avif 140w, https:\/\/fos.consulting\/wp-content\/uploads\/2026\/09\/8087038-9SncQn-100x100.avif 100w, https:\/\/fos.consulting\/wp-content\/uploads\/2026\/09\/8087038-9SncQn-500x500.avif 500w, https:\/\/fos.consulting\/wp-content\/uploads\/2026\/09\/8087038-9SncQn-350x350.avif 350w, https:\/\/fos.consulting\/wp-content\/uploads\/2026\/09\/8087038-9SncQn-1000x1000.avif 1000w, https:\/\/fos.consulting\/wp-content\/uploads\/2026\/09\/8087038-9SncQn-50x50.avif 50w, https:\/\/fos.consulting\/wp-content\/uploads\/2026\/09\/8087038-9SncQn-scaled.avif 1600w, https:\/\/fos.consulting\/wp-content\/uploads\/2026\/09\/8087038-9SncQn-scaled.avif 2400w\" data-has-transparency=\"false\" data-dominant-color=\"9b9392\" style=\"--dominant-color: #9b9392;\" \/><\/span>        \n        <div class=\"article-content-wrap\">\n          \n          <span class=\"meta-category\"><a class=\"noticias\" href=\"https:\/\/fos.consulting\/en\/categorias-base\/noticias\/\">Revistahosteleria.com<\/a><\/span>          \n          <div class=\"post-header\">\n            <h3 class=\"title\"><a href=\"https:\/\/fos.consulting\/en\/blog\/2026\/09\/02\/la-experiencia-internacional-permite-a-resuinsa-anticipar-nuevas-necesidades\/\"> La experiencia internacional permite a Resuinsa anticipar nuevas necesidades<\/a><\/h3>\n                      <\/div>\n          \n        <\/div><!--article-content-wrap-->\n        \n      <\/div><!--\/content-inner-->\n        \n    <\/div><!--\/post-content-->\n      \n  <\/div><!--\/inner-wrap-->\n    \n<\/article>     \n     \n<article id=\"post-61553\" class=\"masonry-blog-item post-61553 post type-post status-publish format-standard has-post-thumbnail category-noticias\">  \n    \n  <div class=\"inner-wrap animated\">\n    \n    <div class=\"post-content\">\n\n      <div class=\"content-inner\">\n        \n        <a class=\"entire-meta-link\" href=\"https:\/\/fos.consulting\/en\/blog\/2026\/09\/01\/minor-hotels-acelera-su-expansion-europea-con-dos-incorporaciones-en-espana-y-hungria\/\"><span class=\"screen-reader-text\">Minor Hotels acelera su expansi\u00f3n europea con dos incorporaciones en Espa\u00f1a y Hungr\u00eda<\/span><\/a>\n        \n        <span class=\"post-featured-img\"><img loading=\"lazy\" decoding=\"async\" width=\"800\" height=\"800\" src=\"https:\/\/fos.consulting\/wp-content\/uploads\/2026\/09\/8108881-37OQFY-800x800.avif\" class=\"attachment-medium_featured size-medium_featured not-transparent skip-lazy wp-post-image\" alt=\"\" title=\"\" sizes=\"auto, (min-width: 690px) 50vw, 100vw\" srcset=\"https:\/\/fos.consulting\/wp-content\/uploads\/2026\/09\/8108881-37OQFY-800x800.avif 800w, https:\/\/fos.consulting\/wp-content\/uploads\/2026\/09\/8108881-37OQFY-150x150.avif 150w, https:\/\/fos.consulting\/wp-content\/uploads\/2026\/09\/8108881-37OQFY-140x140.avif 140w, https:\/\/fos.consulting\/wp-content\/uploads\/2026\/09\/8108881-37OQFY-100x100.avif 100w, https:\/\/fos.consulting\/wp-content\/uploads\/2026\/09\/8108881-37OQFY-500x500.avif 500w, https:\/\/fos.consulting\/wp-content\/uploads\/2026\/09\/8108881-37OQFY-350x350.avif 350w, https:\/\/fos.consulting\/wp-content\/uploads\/2026\/09\/8108881-37OQFY-1000x1000.avif 1000w, https:\/\/fos.consulting\/wp-content\/uploads\/2026\/09\/8108881-37OQFY-50x50.avif 50w, https:\/\/fos.consulting\/wp-content\/uploads\/2026\/09\/8108881-37OQFY-scaled.avif 1600w, https:\/\/fos.consulting\/wp-content\/uploads\/2026\/09\/8108881-37OQFY-scaled.avif 2400w\" data-has-transparency=\"false\" data-dominant-color=\"71635b\" style=\"--dominant-color: #71635b;\" \/><\/span>        \n        <div class=\"article-content-wrap\">\n          \n          <span class=\"meta-category\"><a class=\"noticias\" href=\"https:\/\/fos.consulting\/en\/categorias-base\/noticias\/\">Revistahosteleria.com<\/a><\/span>          \n          <div class=\"post-header\">\n            <h3 class=\"title\"><a href=\"https:\/\/fos.consulting\/en\/blog\/2026\/09\/01\/minor-hotels-acelera-su-expansion-europea-con-dos-incorporaciones-en-espana-y-hungria\/\"> Minor Hotels acelera su expansi\u00f3n europea con dos incorporaciones en Espa\u00f1a y Hungr\u00eda<\/a><\/h3>\n                      <\/div>\n          \n        <\/div><!--article-content-wrap-->\n        \n      <\/div><!--\/content-inner-->\n        \n    <\/div><!--\/post-content-->\n      \n  <\/div><!--\/inner-wrap-->\n    \n<\/article>     \n     \n<article id=\"post-61543\" class=\"masonry-blog-item post-61543 post type-post status-publish format-standard has-post-thumbnail category-noticias\">  \n    \n  <div class=\"inner-wrap animated\">\n    \n    <div class=\"post-content\">\n\n      <div class=\"content-inner\">\n        \n        <a class=\"entire-meta-link\" href=\"https:\/\/fos.consulting\/en\/blog\/2026\/09\/01\/grupo-hesperia-adquiere-el-hotel-la-zambra\/\"><span class=\"screen-reader-text\">Grupo Hesperia adquiere el hotel La Zambra<\/span><\/a>\n        \n        <span class=\"post-featured-img\"><img loading=\"lazy\" decoding=\"async\" width=\"800\" height=\"800\" src=\"https:\/\/fos.consulting\/wp-content\/uploads\/2026\/09\/8104968-WTf6Bj-800x800.avif\" class=\"attachment-medium_featured size-medium_featured not-transparent skip-lazy wp-post-image\" alt=\"\" title=\"\" sizes=\"auto, (min-width: 690px) 50vw, 100vw\" srcset=\"https:\/\/fos.consulting\/wp-content\/uploads\/2026\/09\/8104968-WTf6Bj-800x800.avif 800w, https:\/\/fos.consulting\/wp-content\/uploads\/2026\/09\/8104968-WTf6Bj-150x150.avif 150w, https:\/\/fos.consulting\/wp-content\/uploads\/2026\/09\/8104968-WTf6Bj-140x140.avif 140w, https:\/\/fos.consulting\/wp-content\/uploads\/2026\/09\/8104968-WTf6Bj-100x100.avif 100w, https:\/\/fos.consulting\/wp-content\/uploads\/2026\/09\/8104968-WTf6Bj-500x500.avif 500w, https:\/\/fos.consulting\/wp-content\/uploads\/2026\/09\/8104968-WTf6Bj-350x350.avif 350w, https:\/\/fos.consulting\/wp-content\/uploads\/2026\/09\/8104968-WTf6Bj-50x50.avif 50w\" data-has-transparency=\"false\" data-dominant-color=\"787163\" style=\"--dominant-color: #787163;\" \/><\/span>        \n        <div class=\"article-content-wrap\">\n          \n          <span class=\"meta-category\"><a class=\"noticias\" href=\"https:\/\/fos.consulting\/en\/categorias-base\/noticias\/\">Revistahosteleria.com<\/a><\/span>          \n          <div class=\"post-header\">\n            <h3 class=\"title\"><a href=\"https:\/\/fos.consulting\/en\/blog\/2026\/09\/01\/grupo-hesperia-adquiere-el-hotel-la-zambra\/\"> Grupo Hesperia adquiere el hotel La Zambra<\/a><\/h3>\n                      <\/div>\n          \n        <\/div><!--article-content-wrap-->\n        \n      <\/div><!--\/content-inner-->\n        \n    <\/div><!--\/post-content-->\n      \n  <\/div><!--\/inner-wrap-->\n    \n<\/article>     \n     \n<article id=\"post-61545\" class=\"masonry-blog-item post-61545 post type-post status-publish format-standard has-post-thumbnail category-noticias\">  \n    \n  <div class=\"inner-wrap animated\">\n    \n    <div class=\"post-content\">\n\n      <div class=\"content-inner\">\n        \n        <a class=\"entire-meta-link\" href=\"https:\/\/fos.consulting\/en\/blog\/2026\/09\/01\/castilla-termal-recupera-el-historico-palacio-de-avellaneda\/\"><span class=\"screen-reader-text\">Castilla Termal recupera el hist\u00f3rico Palacio de Avellaneda<\/span><\/a>\n        \n        <span class=\"post-featured-img\"><img loading=\"lazy\" decoding=\"async\" width=\"800\" height=\"532\" src=\"https:\/\/fos.consulting\/wp-content\/uploads\/2026\/09\/8105810-dlI83B-800x532.avif\" class=\"attachment-medium_featured size-medium_featured not-transparent skip-lazy wp-post-image\" alt=\"\" title=\"\" sizes=\"auto, (min-width: 690px) 50vw, 100vw\" srcset=\"https:\/\/fos.consulting\/wp-content\/uploads\/2026\/09\/8105810-dlI83B-800x532.avif 800w, https:\/\/fos.consulting\/wp-content\/uploads\/2026\/09\/8105810-dlI83B-18x12.avif 18w\" data-has-transparency=\"false\" data-dominant-color=\"916542\" style=\"--dominant-color: #916542;\" \/><\/span>        \n        <div class=\"article-content-wrap\">\n          \n          <span class=\"meta-category\"><a class=\"noticias\" href=\"https:\/\/fos.consulting\/en\/categorias-base\/noticias\/\">Revistahosteleria.com<\/a><\/span>          \n          <div class=\"post-header\">\n            <h3 class=\"title\"><a href=\"https:\/\/fos.consulting\/en\/blog\/2026\/09\/01\/castilla-termal-recupera-el-historico-palacio-de-avellaneda\/\"> Castilla Termal recupera el hist\u00f3rico Palacio de Avellaneda<\/a><\/h3>\n                      <\/div>\n          \n        <\/div><!--article-content-wrap-->\n        \n      <\/div><!--\/content-inner-->\n        \n    <\/div><!--\/post-content-->\n      \n  <\/div><!--\/inner-wrap-->\n    \n<\/article>     \n     \n<article id=\"post-61547\" class=\"masonry-blog-item post-61547 post type-post status-publish format-standard has-post-thumbnail category-noticias\">  \n    \n  <div class=\"inner-wrap animated\">\n    \n    <div class=\"post-content\">\n\n      <div class=\"content-inner\">\n        \n        <a class=\"entire-meta-link\" href=\"https:\/\/fos.consulting\/en\/blog\/2026\/09\/01\/marriot-se-estrena-en-formentera-con-sabatic-formentera-autograph-collection\/\"><span class=\"screen-reader-text\">Marriot se estrena en Formentera con Sab\u00e0tic Formentera Autograph Collection<\/span><\/a>\n        \n        <span class=\"post-featured-img\"><img loading=\"lazy\" decoding=\"async\" width=\"800\" height=\"800\" src=\"https:\/\/fos.consulting\/wp-content\/uploads\/2026\/09\/8107439-GIoZsJ-800x800.avif\" class=\"attachment-medium_featured size-medium_featured not-transparent skip-lazy wp-post-image\" alt=\"\" title=\"\" sizes=\"auto, (min-width: 690px) 50vw, 100vw\" srcset=\"https:\/\/fos.consulting\/wp-content\/uploads\/2026\/09\/8107439-GIoZsJ-800x800.avif 800w, https:\/\/fos.consulting\/wp-content\/uploads\/2026\/09\/8107439-GIoZsJ-150x150.avif 150w, https:\/\/fos.consulting\/wp-content\/uploads\/2026\/09\/8107439-GIoZsJ-140x140.avif 140w, https:\/\/fos.consulting\/wp-content\/uploads\/2026\/09\/8107439-GIoZsJ-100x100.avif 100w, https:\/\/fos.consulting\/wp-content\/uploads\/2026\/09\/8107439-GIoZsJ-500x500.avif 500w, https:\/\/fos.consulting\/wp-content\/uploads\/2026\/09\/8107439-GIoZsJ-350x350.avif 350w, https:\/\/fos.consulting\/wp-content\/uploads\/2026\/09\/8107439-GIoZsJ-1000x1000.avif 1000w, https:\/\/fos.consulting\/wp-content\/uploads\/2026\/09\/8107439-GIoZsJ-50x50.avif 50w, https:\/\/fos.consulting\/wp-content\/uploads\/2026\/09\/8107439-GIoZsJ-scaled.avif 1600w, https:\/\/fos.consulting\/wp-content\/uploads\/2026\/09\/8107439-GIoZsJ-scaled.avif 2400w\" data-has-transparency=\"false\" data-dominant-color=\"98a4b3\" style=\"--dominant-color: #98a4b3;\" \/><\/span>        \n        <div class=\"article-content-wrap\">\n          \n          <span class=\"meta-category\"><a class=\"noticias\" href=\"https:\/\/fos.consulting\/en\/categorias-base\/noticias\/\">Revistahosteleria.com<\/a><\/span>          \n          <div class=\"post-header\">\n            <h3 class=\"title\"><a href=\"https:\/\/fos.consulting\/en\/blog\/2026\/09\/01\/marriot-se-estrena-en-formentera-con-sabatic-formentera-autograph-collection\/\"> Marriot se estrena en Formentera con Sab\u00e0tic Formentera Autograph Collection<\/a><\/h3>\n                      <\/div>\n          \n        <\/div><!--article-content-wrap-->\n        \n      <\/div><!--\/content-inner-->\n        \n    <\/div><!--\/post-content-->\n      \n  <\/div><!--\/inner-wrap-->\n    \n<\/article>     \n     \n<article id=\"post-61535\" class=\"masonry-blog-item post-61535 post type-post status-publish format-standard has-post-thumbnail category-noticias\">  \n    \n  <div class=\"inner-wrap animated\">\n    \n    <div class=\"post-content\">\n\n      <div class=\"content-inner\">\n        \n        <a class=\"entire-meta-link\" href=\"https:\/\/fos.consulting\/en\/blog\/2026\/09\/01\/el-fenomeno-de-los-hand-roll-bars-de-tokio-llega-a-marbella\/\"><span class=\"screen-reader-text\">El fen\u00f3meno de los hand roll bars de Tokio llega a Marbella<\/span><\/a>\n        \n        <span class=\"post-featured-img\"><img loading=\"lazy\" decoding=\"async\" width=\"800\" height=\"800\" src=\"https:\/\/fos.consulting\/wp-content\/uploads\/2026\/09\/8108397-FXaisn-800x800.avif\" class=\"attachment-medium_featured size-medium_featured not-transparent skip-lazy wp-post-image\" alt=\"\" title=\"\" sizes=\"auto, (min-width: 690px) 50vw, 100vw\" srcset=\"https:\/\/fos.consulting\/wp-content\/uploads\/2026\/09\/8108397-FXaisn-800x800.avif 800w, https:\/\/fos.consulting\/wp-content\/uploads\/2026\/09\/8108397-FXaisn-150x150.avif 150w, https:\/\/fos.consulting\/wp-content\/uploads\/2026\/09\/8108397-FXaisn-140x140.avif 140w, https:\/\/fos.consulting\/wp-content\/uploads\/2026\/09\/8108397-FXaisn-100x100.avif 100w, https:\/\/fos.consulting\/wp-content\/uploads\/2026\/09\/8108397-FXaisn-500x500.avif 500w, https:\/\/fos.consulting\/wp-content\/uploads\/2026\/09\/8108397-FXaisn-350x350.avif 350w, https:\/\/fos.consulting\/wp-content\/uploads\/2026\/09\/8108397-FXaisn-1000x1000.avif 1000w, https:\/\/fos.consulting\/wp-content\/uploads\/2026\/09\/8108397-FXaisn-50x50.avif 50w, https:\/\/fos.consulting\/wp-content\/uploads\/2026\/09\/8108397-FXaisn-scaled.avif 1600w, https:\/\/fos.consulting\/wp-content\/uploads\/2026\/09\/8108397-FXaisn-scaled.avif 2400w\" data-has-transparency=\"false\" data-dominant-color=\"876149\" style=\"--dominant-color: #876149;\" \/><\/span>        \n        <div class=\"article-content-wrap\">\n          \n          <span class=\"meta-category\"><a class=\"noticias\" href=\"https:\/\/fos.consulting\/en\/categorias-base\/noticias\/\">Revistahosteleria.com<\/a><\/span>          \n          <div class=\"post-header\">\n            <h3 class=\"title\"><a href=\"https:\/\/fos.consulting\/en\/blog\/2026\/09\/01\/el-fenomeno-de-los-hand-roll-bars-de-tokio-llega-a-marbella\/\"> El fen\u00f3meno de los hand roll bars de Tokio llega a Marbella<\/a><\/h3>\n                      <\/div>\n          \n        <\/div><!--article-content-wrap-->\n        \n      <\/div><!--\/content-inner-->\n        \n    <\/div><!--\/post-content-->\n      \n  <\/div><!--\/inner-wrap-->\n    \n<\/article>     \n     \n<article id=\"post-61537\" class=\"masonry-blog-item post-61537 post type-post status-publish format-standard has-post-thumbnail category-noticias\">  \n    \n  <div class=\"inner-wrap animated\">\n    \n    <div class=\"post-content\">\n\n      <div class=\"content-inner\">\n        \n        <a class=\"entire-meta-link\" href=\"https:\/\/fos.consulting\/en\/blog\/2026\/09\/01\/perretxico-abre-su-primera-taberna-en-andalucia-2\/\"><span class=\"screen-reader-text\">perretxiCo abre su primera taberna en Andaluc\u00eda<\/span><\/a>\n        \n        <span class=\"post-featured-img\"><img loading=\"lazy\" decoding=\"async\" width=\"800\" height=\"800\" src=\"https:\/\/fos.consulting\/wp-content\/uploads\/2026\/06\/8030710-HpYgVh-800x800.avif\" class=\"attachment-medium_featured size-medium_featured not-transparent skip-lazy wp-post-image\" alt=\"\" title=\"\" sizes=\"auto, (min-width: 690px) 50vw, 100vw\" srcset=\"https:\/\/fos.consulting\/wp-content\/uploads\/2026\/06\/8030710-HpYgVh-800x800.avif 800w, https:\/\/fos.consulting\/wp-content\/uploads\/2026\/06\/8030710-HpYgVh-150x150.avif 150w, https:\/\/fos.consulting\/wp-content\/uploads\/2026\/06\/8030710-HpYgVh-140x140.avif 140w, https:\/\/fos.consulting\/wp-content\/uploads\/2026\/06\/8030710-HpYgVh-100x100.avif 100w, https:\/\/fos.consulting\/wp-content\/uploads\/2026\/06\/8030710-HpYgVh-500x500.avif 500w, https:\/\/fos.consulting\/wp-content\/uploads\/2026\/06\/8030710-HpYgVh-350x350.avif 350w, https:\/\/fos.consulting\/wp-content\/uploads\/2026\/06\/8030710-HpYgVh-1000x1000.avif 1000w, https:\/\/fos.consulting\/wp-content\/uploads\/2026\/06\/8030710-HpYgVh-50x50.avif 50w, https:\/\/fos.consulting\/wp-content\/uploads\/2026\/06\/8030710-HpYgVh.avif 1600w\" data-has-transparency=\"false\" data-dominant-color=\"6e5c4e\" style=\"--dominant-color: #6e5c4e;\" \/><\/span>        \n        <div class=\"article-content-wrap\">\n          \n          <span class=\"meta-category\"><a class=\"noticias\" href=\"https:\/\/fos.consulting\/en\/categorias-base\/noticias\/\">Revistahosteleria.com<\/a><\/span>          \n          <div class=\"post-header\">\n            <h3 class=\"title\"><a href=\"https:\/\/fos.consulting\/en\/blog\/2026\/09\/01\/perretxico-abre-su-primera-taberna-en-andalucia-2\/\"> perretxiCo abre su primera taberna en Andaluc\u00eda<\/a><\/h3>\n                      <\/div>\n          \n        <\/div><!--article-content-wrap-->\n        \n      <\/div><!--\/content-inner-->\n        \n    <\/div><!--\/post-content-->\n      \n  <\/div><!--\/inner-wrap-->\n    \n<\/article>     \n     \n<article id=\"post-61538\" class=\"masonry-blog-item post-61538 post type-post status-publish format-standard has-post-thumbnail category-noticias\">  \n    \n  <div class=\"inner-wrap animated\">\n    \n    <div class=\"post-content\">\n\n      <div class=\"content-inner\">\n        \n        <a class=\"entire-meta-link\" href=\"https:\/\/fos.consulting\/en\/blog\/2026\/09\/01\/el-verano-aumenta-hasta-un-50-la-demanda-logistica-de-la-restauracion\/\"><span class=\"screen-reader-text\">El verano aumenta hasta un 50% la demanda log\u00edstica de la restauraci\u00f3n<\/span><\/a>\n        \n        <span class=\"post-featured-img\"><img loading=\"lazy\" decoding=\"async\" width=\"800\" height=\"800\" src=\"https:\/\/fos.consulting\/wp-content\/uploads\/2026\/09\/8105619-2bf0QH-800x800.avif\" class=\"attachment-medium_featured size-medium_featured not-transparent skip-lazy wp-post-image\" alt=\"\" title=\"\" sizes=\"auto, (min-width: 690px) 50vw, 100vw\" srcset=\"https:\/\/fos.consulting\/wp-content\/uploads\/2026\/09\/8105619-2bf0QH-800x800.avif 800w, https:\/\/fos.consulting\/wp-content\/uploads\/2026\/09\/8105619-2bf0QH-150x150.avif 150w, https:\/\/fos.consulting\/wp-content\/uploads\/2026\/09\/8105619-2bf0QH-140x140.avif 140w, https:\/\/fos.consulting\/wp-content\/uploads\/2026\/09\/8105619-2bf0QH-100x100.avif 100w, https:\/\/fos.consulting\/wp-content\/uploads\/2026\/09\/8105619-2bf0QH-500x500.avif 500w, https:\/\/fos.consulting\/wp-content\/uploads\/2026\/09\/8105619-2bf0QH-350x350.avif 350w, https:\/\/fos.consulting\/wp-content\/uploads\/2026\/09\/8105619-2bf0QH-1000x1000.avif 1000w, https:\/\/fos.consulting\/wp-content\/uploads\/2026\/09\/8105619-2bf0QH-50x50.avif 50w, https:\/\/fos.consulting\/wp-content\/uploads\/2026\/09\/8105619-2bf0QH.avif 1600w, https:\/\/fos.consulting\/wp-content\/uploads\/2026\/09\/8105619-2bf0QH.avif 2400w\" data-has-transparency=\"false\" data-dominant-color=\"565e74\" style=\"--dominant-color: #565e74;\" \/><\/span>        \n        <div class=\"article-content-wrap\">\n          \n          <span class=\"meta-category\"><a class=\"noticias\" href=\"https:\/\/fos.consulting\/en\/categorias-base\/noticias\/\">Revistahosteleria.com<\/a><\/span>          \n          <div class=\"post-header\">\n            <h3 class=\"title\"><a href=\"https:\/\/fos.consulting\/en\/blog\/2026\/09\/01\/el-verano-aumenta-hasta-un-50-la-demanda-logistica-de-la-restauracion\/\"> El verano aumenta hasta un 50% la demanda log\u00edstica de la restauraci\u00f3n<\/a><\/h3>\n                      <\/div>\n          \n        <\/div><!--article-content-wrap-->\n        \n      <\/div><!--\/content-inner-->\n        \n    <\/div><!--\/post-content-->\n      \n  <\/div><!--\/inner-wrap-->\n    \n<\/article>     \n     \n<article id=\"post-59775\" class=\"masonry-blog-item post-59775 post type-post status-publish format-standard has-post-thumbnail category-noticias\">  \n    \n  <div class=\"inner-wrap animated\">\n    \n    <div class=\"post-content\">\n\n      <div class=\"content-inner\">\n        \n        <a class=\"entire-meta-link\" href=\"https:\/\/fos.consulting\/en\/blog\/2026\/07\/31\/el-88-de-los-espanoles-mantendra-o-aumentara-su-gasto-en-restaurantes\/\"><span class=\"screen-reader-text\">El 88% de los espa\u00f1oles mantendr\u00e1 o aumentar\u00e1 su gasto en restaurantes<\/span><\/a>\n        \n        <span class=\"post-featured-img\"><img loading=\"lazy\" decoding=\"async\" width=\"800\" height=\"800\" src=\"https:\/\/fos.consulting\/wp-content\/uploads\/2026\/07\/8084036-OEU750-800x800.avif\" class=\"attachment-medium_featured size-medium_featured not-transparent skip-lazy wp-post-image\" alt=\"\" title=\"\" sizes=\"auto, (min-width: 690px) 50vw, 100vw\" srcset=\"https:\/\/fos.consulting\/wp-content\/uploads\/2026\/07\/8084036-OEU750-800x800.avif 800w, https:\/\/fos.consulting\/wp-content\/uploads\/2026\/07\/8084036-OEU750-150x150.avif 150w, https:\/\/fos.consulting\/wp-content\/uploads\/2026\/07\/8084036-OEU750-140x140.avif 140w, https:\/\/fos.consulting\/wp-content\/uploads\/2026\/07\/8084036-OEU750-100x100.avif 100w, https:\/\/fos.consulting\/wp-content\/uploads\/2026\/07\/8084036-OEU750-500x500.avif 500w, https:\/\/fos.consulting\/wp-content\/uploads\/2026\/07\/8084036-OEU750-350x350.avif 350w, https:\/\/fos.consulting\/wp-content\/uploads\/2026\/07\/8084036-OEU750-1000x1000.avif 1000w, https:\/\/fos.consulting\/wp-content\/uploads\/2026\/07\/8084036-OEU750-50x50.avif 50w, https:\/\/fos.consulting\/wp-content\/uploads\/2026\/07\/8084036-OEU750-scaled.avif 1600w, https:\/\/fos.consulting\/wp-content\/uploads\/2026\/07\/8084036-OEU750-scaled.avif 2400w\" data-has-transparency=\"false\" data-dominant-color=\"918882\" style=\"--dominant-color: #918882;\" \/><\/span>        \n        <div class=\"article-content-wrap\">\n          \n          <span class=\"meta-category\"><a class=\"noticias\" href=\"https:\/\/fos.consulting\/en\/categorias-base\/noticias\/\">Revistahosteleria.com<\/a><\/span>          \n          <div class=\"post-header\">\n            <h3 class=\"title\"><a href=\"https:\/\/fos.consulting\/en\/blog\/2026\/07\/31\/el-88-de-los-espanoles-mantendra-o-aumentara-su-gasto-en-restaurantes\/\"> El 88% de los espa\u00f1oles mantendr\u00e1 o aumentar\u00e1 su gasto en restaurantes<\/a><\/h3>\n                      <\/div>\n          \n        <\/div><!--article-content-wrap-->\n        \n      <\/div><!--\/content-inner-->\n        \n    <\/div><!--\/post-content-->\n      \n  <\/div><!--\/inner-wrap-->\n    \n<\/article>     \n     \n<article id=\"post-59777\" class=\"masonry-blog-item post-59777 post type-post status-publish format-standard has-post-thumbnail category-noticias\">  \n    \n  <div class=\"inner-wrap animated\">\n    \n    <div class=\"post-content\">\n\n      <div class=\"content-inner\">\n        \n        <a class=\"entire-meta-link\" href=\"https:\/\/fos.consulting\/en\/blog\/2026\/07\/31\/mcdonalds-inaugura-un-nuevo-restaurante-en-malaga\/\"><span class=\"screen-reader-text\">McDonald\u2019s inaugura un nuevo restaurante en M\u00e1laga<\/span><\/a>\n        \n        <span class=\"post-featured-img\"><img loading=\"lazy\" decoding=\"async\" width=\"800\" height=\"800\" src=\"https:\/\/fos.consulting\/wp-content\/uploads\/2026\/07\/8084058-NHeI6e-800x800.avif\" class=\"attachment-medium_featured size-medium_featured not-transparent skip-lazy wp-post-image\" alt=\"\" title=\"\" sizes=\"auto, (min-width: 690px) 50vw, 100vw\" srcset=\"https:\/\/fos.consulting\/wp-content\/uploads\/2026\/07\/8084058-NHeI6e-800x800.avif 800w, https:\/\/fos.consulting\/wp-content\/uploads\/2026\/07\/8084058-NHeI6e-150x150.avif 150w, https:\/\/fos.consulting\/wp-content\/uploads\/2026\/07\/8084058-NHeI6e-140x140.avif 140w, https:\/\/fos.consulting\/wp-content\/uploads\/2026\/07\/8084058-NHeI6e-100x100.avif 100w, https:\/\/fos.consulting\/wp-content\/uploads\/2026\/07\/8084058-NHeI6e-500x500.avif 500w, https:\/\/fos.consulting\/wp-content\/uploads\/2026\/07\/8084058-NHeI6e-350x350.avif 350w, https:\/\/fos.consulting\/wp-content\/uploads\/2026\/07\/8084058-NHeI6e-50x50.avif 50w\" data-has-transparency=\"false\" data-dominant-color=\"847e6d\" style=\"--dominant-color: #847e6d;\" \/><\/span>        \n        <div class=\"article-content-wrap\">\n          \n          <span class=\"meta-category\"><a class=\"noticias\" href=\"https:\/\/fos.consulting\/en\/categorias-base\/noticias\/\">Revistahosteleria.com<\/a><\/span>          \n          <div class=\"post-header\">\n            <h3 class=\"title\"><a href=\"https:\/\/fos.consulting\/en\/blog\/2026\/07\/31\/mcdonalds-inaugura-un-nuevo-restaurante-en-malaga\/\"> McDonald\u2019s inaugura un nuevo restaurante en M\u00e1laga<\/a><\/h3>\n                      <\/div>\n          \n        <\/div><!--article-content-wrap-->\n        \n      <\/div><!--\/content-inner-->\n        \n    <\/div><!--\/post-content-->\n      \n  <\/div><!--\/inner-wrap-->\n    \n<\/article>     \n     \n<article id=\"post-59779\" class=\"masonry-blog-item post-59779 post type-post status-publish format-standard has-post-thumbnail category-noticias\">  \n    \n  <div class=\"inner-wrap animated\">\n    \n    <div class=\"post-content\">\n\n      <div class=\"content-inner\">\n        \n        <a class=\"entire-meta-link\" href=\"https:\/\/fos.consulting\/en\/blog\/2026\/07\/31\/toro-tapas-inaugura-su-nuevo-raw-bar\/\"><span class=\"screen-reader-text\">Toro Tapas inaugura su nuevo Raw Bar<\/span><\/a>\n        \n        <span class=\"post-featured-img\"><img loading=\"lazy\" decoding=\"async\" width=\"800\" height=\"800\" src=\"https:\/\/fos.consulting\/wp-content\/uploads\/2026\/07\/8084067-rzPcMN-800x800.avif\" class=\"attachment-medium_featured size-medium_featured not-transparent skip-lazy wp-post-image\" alt=\"\" title=\"\" sizes=\"auto, (min-width: 690px) 50vw, 100vw\" srcset=\"https:\/\/fos.consulting\/wp-content\/uploads\/2026\/07\/8084067-rzPcMN-800x800.avif 800w, https:\/\/fos.consulting\/wp-content\/uploads\/2026\/07\/8084067-rzPcMN-150x150.avif 150w, https:\/\/fos.consulting\/wp-content\/uploads\/2026\/07\/8084067-rzPcMN-140x140.avif 140w, https:\/\/fos.consulting\/wp-content\/uploads\/2026\/07\/8084067-rzPcMN-100x100.avif 100w, https:\/\/fos.consulting\/wp-content\/uploads\/2026\/07\/8084067-rzPcMN-500x500.avif 500w, https:\/\/fos.consulting\/wp-content\/uploads\/2026\/07\/8084067-rzPcMN-350x350.avif 350w, https:\/\/fos.consulting\/wp-content\/uploads\/2026\/07\/8084067-rzPcMN-1000x1000.avif 1000w, https:\/\/fos.consulting\/wp-content\/uploads\/2026\/07\/8084067-rzPcMN-50x50.avif 50w, https:\/\/fos.consulting\/wp-content\/uploads\/2026\/07\/8084067-rzPcMN.avif 1600w\" data-has-transparency=\"false\" data-dominant-color=\"5f5a4c\" style=\"--dominant-color: #5f5a4c;\" \/><\/span>        \n        <div class=\"article-content-wrap\">\n          \n          <span class=\"meta-category\"><a class=\"noticias\" href=\"https:\/\/fos.consulting\/en\/categorias-base\/noticias\/\">Revistahosteleria.com<\/a><\/span>          \n          <div class=\"post-header\">\n            <h3 class=\"title\"><a href=\"https:\/\/fos.consulting\/en\/blog\/2026\/07\/31\/toro-tapas-inaugura-su-nuevo-raw-bar\/\"> Toro Tapas inaugura su nuevo Raw Bar<\/a><\/h3>\n                      <\/div>\n          \n        <\/div><!--article-content-wrap-->\n        \n      <\/div><!--\/content-inner-->\n        \n    <\/div><!--\/post-content-->\n      \n  <\/div><!--\/inner-wrap-->\n    \n<\/article>     \n     \n<article id=\"post-59782\" class=\"masonry-blog-item post-59782 post type-post status-publish format-standard has-post-thumbnail category-noticias\">  \n    \n  <div class=\"inner-wrap animated\">\n    \n    <div class=\"post-content\">\n\n      <div class=\"content-inner\">\n        \n        <a class=\"entire-meta-link\" href=\"https:\/\/fos.consulting\/en\/blog\/2026\/07\/31\/la-ia-ayuda-a-liderar-la-prospeccion-comercial-en-horeca\/\"><span class=\"screen-reader-text\">La IA ayuda a liderar la prospecci\u00f3n comercial en Horeca<\/span><\/a>\n        \n        <span class=\"post-featured-img\"><img loading=\"lazy\" decoding=\"async\" width=\"800\" height=\"418\" src=\"https:\/\/fos.consulting\/wp-content\/uploads\/2026\/07\/8084032-yjlzBX-800x418.avif\" class=\"attachment-medium_featured size-medium_featured not-transparent skip-lazy wp-post-image\" alt=\"\" title=\"\" sizes=\"auto, (min-width: 690px) 50vw, 100vw\" srcset=\"https:\/\/fos.consulting\/wp-content\/uploads\/2026\/07\/8084032-yjlzBX-800x418.avif 800w, https:\/\/fos.consulting\/wp-content\/uploads\/2026\/07\/8084032-yjlzBX-18x9.avif 18w\" data-has-transparency=\"false\" data-dominant-color=\"dbdee0\" style=\"--dominant-color: #dbdee0;\" \/><\/span>        \n        <div class=\"article-content-wrap\">\n          \n          <span class=\"meta-category\"><a class=\"noticias\" href=\"https:\/\/fos.consulting\/en\/categorias-base\/noticias\/\">Revistahosteleria.com<\/a><\/span>          \n          <div class=\"post-header\">\n            <h3 class=\"title\"><a href=\"https:\/\/fos.consulting\/en\/blog\/2026\/07\/31\/la-ia-ayuda-a-liderar-la-prospeccion-comercial-en-horeca\/\"> La IA ayuda a liderar la prospecci\u00f3n comercial en Horeca<\/a><\/h3>\n                      <\/div>\n          \n        <\/div><!--article-content-wrap-->\n        \n      <\/div><!--\/content-inner-->\n        \n    <\/div><!--\/post-content-->\n      \n  <\/div><!--\/inner-wrap-->\n    \n<\/article>     \n     \n<article id=\"post-59784\" class=\"masonry-blog-item post-59784 post type-post status-publish format-standard has-post-thumbnail category-noticias\">  \n    \n  <div class=\"inner-wrap animated\">\n    \n    <div class=\"post-content\">\n\n      <div class=\"content-inner\">\n        \n        <a class=\"entire-meta-link\" href=\"https:\/\/fos.consulting\/en\/blog\/2026\/07\/31\/too-good-to-go-selecciona-desayunos-brunch-comidas-y-cenas-a-cinco-euros\/\"><span class=\"screen-reader-text\">Too Good To Go selecciona desayunos, brunch, comidas y cenas a cinco euros<\/span><\/a>\n        \n        <span class=\"post-featured-img\"><img loading=\"lazy\" decoding=\"async\" width=\"800\" height=\"800\" src=\"https:\/\/fos.consulting\/wp-content\/uploads\/2026\/07\/8084063-chUWYV-800x800.avif\" class=\"attachment-medium_featured size-medium_featured not-transparent skip-lazy wp-post-image\" alt=\"\" title=\"\" sizes=\"auto, (min-width: 690px) 50vw, 100vw\" srcset=\"https:\/\/fos.consulting\/wp-content\/uploads\/2026\/07\/8084063-chUWYV-800x800.avif 800w, https:\/\/fos.consulting\/wp-content\/uploads\/2026\/07\/8084063-chUWYV-150x150.avif 150w, https:\/\/fos.consulting\/wp-content\/uploads\/2026\/07\/8084063-chUWYV-140x140.avif 140w, https:\/\/fos.consulting\/wp-content\/uploads\/2026\/07\/8084063-chUWYV-100x100.avif 100w, https:\/\/fos.consulting\/wp-content\/uploads\/2026\/07\/8084063-chUWYV-500x500.avif 500w, https:\/\/fos.consulting\/wp-content\/uploads\/2026\/07\/8084063-chUWYV-350x350.avif 350w, https:\/\/fos.consulting\/wp-content\/uploads\/2026\/07\/8084063-chUWYV-1000x1000.avif 1000w, https:\/\/fos.consulting\/wp-content\/uploads\/2026\/07\/8084063-chUWYV-50x50.avif 50w, https:\/\/fos.consulting\/wp-content\/uploads\/2026\/07\/8084063-chUWYV-scaled.avif 1600w, https:\/\/fos.consulting\/wp-content\/uploads\/2026\/07\/8084063-chUWYV-scaled.avif 2400w\" data-has-transparency=\"false\" data-dominant-color=\"987d5c\" style=\"--dominant-color: #987d5c;\" \/><\/span>        \n        <div class=\"article-content-wrap\">\n          \n          <span class=\"meta-category\"><a class=\"noticias\" href=\"https:\/\/fos.consulting\/en\/categorias-base\/noticias\/\">Revistahosteleria.com<\/a><\/span>          \n          <div class=\"post-header\">\n            <h3 class=\"title\"><a href=\"https:\/\/fos.consulting\/en\/blog\/2026\/07\/31\/too-good-to-go-selecciona-desayunos-brunch-comidas-y-cenas-a-cinco-euros\/\"> Too Good To Go selecciona desayunos, brunch, comidas y cenas a cinco euros<\/a><\/h3>\n                      <\/div>\n          \n        <\/div><!--article-content-wrap-->\n        \n      <\/div><!--\/content-inner-->\n        \n    <\/div><!--\/post-content-->\n      \n  <\/div><!--\/inner-wrap-->\n    \n<\/article>     \n     \n<article id=\"post-59788\" class=\"masonry-blog-item post-59788 post type-post status-publish format-standard has-post-thumbnail category-noticias\">  \n    \n  <div class=\"inner-wrap animated\">\n    \n    <div class=\"post-content\">\n\n      <div class=\"content-inner\">\n        \n        <a class=\"entire-meta-link\" href=\"https:\/\/fos.consulting\/en\/blog\/2026\/07\/31\/las-bebidas-refrescantes-son-parte-de-los-momentos-de-disfrute-durante-el-verano\/\"><span class=\"screen-reader-text\">Las bebidas refrescantes son parte de los momentos de disfrute durante el verano<\/span><\/a>\n        \n        <span class=\"post-featured-img\"><img loading=\"lazy\" decoding=\"async\" width=\"800\" height=\"800\" src=\"https:\/\/fos.consulting\/wp-content\/uploads\/2026\/07\/8084039-vqOKH3-800x800.avif\" class=\"attachment-medium_featured size-medium_featured not-transparent skip-lazy wp-post-image\" alt=\"\" title=\"\" sizes=\"auto, (min-width: 690px) 50vw, 100vw\" srcset=\"https:\/\/fos.consulting\/wp-content\/uploads\/2026\/07\/8084039-vqOKH3-800x800.avif 800w, https:\/\/fos.consulting\/wp-content\/uploads\/2026\/07\/8084039-vqOKH3-150x150.avif 150w, https:\/\/fos.consulting\/wp-content\/uploads\/2026\/07\/8084039-vqOKH3-140x140.avif 140w, https:\/\/fos.consulting\/wp-content\/uploads\/2026\/07\/8084039-vqOKH3-100x100.avif 100w, https:\/\/fos.consulting\/wp-content\/uploads\/2026\/07\/8084039-vqOKH3-500x500.avif 500w, https:\/\/fos.consulting\/wp-content\/uploads\/2026\/07\/8084039-vqOKH3-350x350.avif 350w, https:\/\/fos.consulting\/wp-content\/uploads\/2026\/07\/8084039-vqOKH3-1000x1000.avif 1000w, https:\/\/fos.consulting\/wp-content\/uploads\/2026\/07\/8084039-vqOKH3-50x50.avif 50w, https:\/\/fos.consulting\/wp-content\/uploads\/2026\/07\/8084039-vqOKH3-scaled.avif 1600w, https:\/\/fos.consulting\/wp-content\/uploads\/2026\/07\/8084039-vqOKH3-scaled.avif 2400w\" data-has-transparency=\"false\" data-dominant-color=\"cfb180\" style=\"--dominant-color: #cfb180;\" \/><\/span>        \n        <div class=\"article-content-wrap\">\n          \n          <span class=\"meta-category\"><a class=\"noticias\" href=\"https:\/\/fos.consulting\/en\/categorias-base\/noticias\/\">Revistahosteleria.com<\/a><\/span>          \n          <div class=\"post-header\">\n            <h3 class=\"title\"><a href=\"https:\/\/fos.consulting\/en\/blog\/2026\/07\/31\/las-bebidas-refrescantes-son-parte-de-los-momentos-de-disfrute-durante-el-verano\/\"> Las bebidas refrescantes son parte de los momentos de disfrute durante el verano<\/a><\/h3>\n                      <\/div>\n          \n        <\/div><!--article-content-wrap-->\n        \n      <\/div><!--\/content-inner-->\n        \n    <\/div><!--\/post-content-->\n      \n  <\/div><!--\/inner-wrap-->\n    \n<\/article>    \n    <\/div><!--\/posts container-->\n    \n    <nav id=\"pagination\" role=\"navigation\" aria-label=\"Pagination Navigation\" data-is-text=\"All items loaded\"><ul class='page-numbers'>\n\t<li><span aria-current=\"page\" class=\"page-numbers current\">1<\/span><\/li>\n\t<li><a class=\"page-numbers\" href=\"https:\/\/fos.consulting\/en\/wp-json\/wp\/v2\/pages\/6228\/page\/2\/\">2<\/a><\/li>\n\t<li><a class=\"page-numbers\" href=\"https:\/\/fos.consulting\/en\/wp-json\/wp\/v2\/pages\/6228\/page\/3\/\">3<\/a><\/li>\n\t<li><span class=\"page-numbers dots\">&hellip;<\/span><\/li>\n\t<li><a class=\"page-numbers\" href=\"https:\/\/fos.consulting\/en\/wp-json\/wp\/v2\/pages\/6228\/page\/456\/\">456<\/a><\/li>\n\t<li><a class=\"next page-numbers\" href=\"https:\/\/fos.consulting\/en\/wp-json\/wp\/v2\/pages\/6228\/page\/2\/\">Next &raquo;<\/a><\/li>\n<\/ul>\n<\/nav>  \n<\/div><!--\/post area-->\n\n<\/div>  \n\n<\/div>\n\n\n\t\t\t<\/div> \n\t\t<\/div>\n\t<\/div> \n<\/div><\/div>","protected":false},"excerpt":{"rendered":"El Bar\u00f3metro \"\u00bfC\u00f3mo disfrutan los espa\u00f1oles del verano?\", elaborado por Alpha Research para la Asociaci\u00f3n de Bebidas Refrescantes, revela que el 80% de los espa\u00f1oles...","protected":false},"author":18,"featured_media":0,"parent":0,"menu_order":0,"comment_status":"closed","ping_status":"closed","template":"","meta":{"footnotes":""},"class_list":["post-6228","page","type-page","status-publish"],"jetpack_sharing_enabled":true,"jetpack-related-posts":[],"jetpack_shortlink":"https:\/\/wp.me\/PfY7gm-1Cs","_links":{"self":[{"href":"https:\/\/fos.consulting\/en\/wp-json\/wp\/v2\/pages\/6228","targetHints":{"allow":["GET"]}}],"collection":[{"href":"https:\/\/fos.consulting\/en\/wp-json\/wp\/v2\/pages"}],"about":[{"href":"https:\/\/fos.consulting\/en\/wp-json\/wp\/v2\/types\/page"}],"author":[{"embeddable":true,"href":"https:\/\/fos.consulting\/en\/wp-json\/wp\/v2\/users\/18"}],"replies":[{"embeddable":true,"href":"https:\/\/fos.consulting\/en\/wp-json\/wp\/v2\/comments?post=6228"}],"version-history":[{"count":31,"href":"https:\/\/fos.consulting\/en\/wp-json\/wp\/v2\/pages\/6228\/revisions"}],"predecessor-version":[{"id":30994,"href":"https:\/\/fos.consulting\/en\/wp-json\/wp\/v2\/pages\/6228\/revisions\/30994"}],"wp:attachment":[{"href":"https:\/\/fos.consulting\/en\/wp-json\/wp\/v2\/media?parent=6228"}],"curies":[{"name":"wp","href":"https:\/\/api.w.org\/{rel}","templated":true}]}}