{"id":6228,"date":"2021-01-23T16:41:12","date_gmt":"2021-01-23T16:41:12","guid":{"rendered":"https:\/\/fos.consulting\/?page_id=6228"},"modified":"2024-11-22T13:35:04","modified_gmt":"2024-11-22T12:35:04","slug":"noticias","status":"publish","type":"page","link":"https:\/\/fos.consulting\/en\/noticias\/","title":{"rendered":"News"},"content":{"rendered":"<div id=\"fws_69f42964246a0\"  data-column-margin=\"default\" data-midnight=\"dark\" data-top-percent=\"6%\"  class=\"wpb_row vc_row-fluid vc_row full-width-content vc_row-o-equal-height vc_row-flex vc_row-o-content-top\"  style=\"padding-top: calc(100vw * 0.06); padding-bottom: 0px; \"><div class=\"row-bg-wrap\" data-bg-animation=\"none\" data-bg-animation-delay=\"\" data-bg-overlay=\"false\"><div class=\"inner-wrap row-bg-layer\" ><div class=\"row-bg viewport-desktop using-bg-color\"  style=\"background-color: #ffffff; \"><\/div><\/div><\/div><div class=\"row_col_wrap_12 col span_12 dark left\">\n\t<div style=\"\" class=\"vc_col-sm-12 wpb_column column_container vc_column_container col centered-text no-extra-padding inherit_tablet inherit_phone\" data-using-bg=\"true\" data-padding-pos=\"all\" data-has-bg-color=\"true\" data-bg-color=\"#ffffff\" data-bg-opacity=\"1\" data-animation=\"\" data-delay=\"0\" >\n\t\t<div class=\"vc_column-inner\" ><div class=\"column-bg-overlay-wrap column-bg-layer\" data-bg-animation=\"none\"><div class=\"column-bg-overlay\" style=\"opacity: 1; background-color: #ffffff;\"><\/div><\/div>\n\t\t\t<div class=\"wpb_wrapper\">\n\t\t\t\t<div class=\"col span_12 section-title text-align-center extra-padding\"><h2>\n<h1 style=\"text-align: center\">News<\/h1>\n<\/h2><\/div><div class=\"clear\"><\/div>\n\t\t\t<\/div> \n\t\t<\/div>\n\t<\/div> \n<\/div><\/div>\n\t\t<div id=\"fws_69f4296425259\"  data-column-margin=\"default\" data-midnight=\"dark\"  class=\"wpb_row vc_row-fluid vc_row full-width-section\"  style=\"padding-top: 0px; padding-bottom: 0px; \"><div class=\"row-bg-wrap\" data-bg-animation=\"none\" data-bg-animation-delay=\"\" data-bg-overlay=\"false\"><div class=\"inner-wrap row-bg-layer\" ><div class=\"row-bg viewport-desktop\"  style=\"\"><\/div><\/div><\/div><div class=\"row_col_wrap_12 col span_12 dark left\">\n\t<div  class=\"vc_col-sm-12 wpb_column column_container vc_column_container col no-extra-padding inherit_tablet inherit_phone\"  data-padding-pos=\"all\" data-has-bg-color=\"false\" data-bg-color=\"\" data-bg-opacity=\"1\" data-animation=\"\" data-delay=\"0\" >\n\t\t<div class=\"vc_column-inner\" >\n\t\t\t<div class=\"wpb_wrapper\">\n\t\t\t\t\n<div class=\"row\">\n\n <div class=\"full-width-content blog-fullwidth-wrap meta-overlaid\"><div class=\"post-area col  span_12 col_last masonry auto_meta_overlaid_spaced\" data-ams=\"4px\" data-remove-post-date=\"1\" data-remove-post-author=\"1\" data-remove-post-comment-number=\"1\" data-remove-post-nectar-love=\"\"> <div class=\"posts-container\" data-load-animation=\"fade_in\">     \n     \n<article id=\"post-49245\" class=\"masonry-blog-item post-49245 post type-post status-publish format-standard has-post-thumbnail category-noticias\">  \n    \n  <div class=\"inner-wrap animated\">\n    \n    <div class=\"post-content\">\n\n      <div class=\"content-inner\">\n        \n        <a class=\"entire-meta-link\" href=\"https:\/\/fos.consulting\/en\/blog\/2026\/04\/30\/les-grands-buffets-inicia-su-renovacion-con-una-inversion-de-mas-de-40-millones-de-euros\/\"><span class=\"screen-reader-text\">Les Grands Buffets inicia su renovaci\u00f3n con una inversi\u00f3n de m\u00e1s de 40 millones de euros<\/span><\/a>\n        \n        <span class=\"post-featured-img\"><img loading=\"lazy\" decoding=\"async\" width=\"799\" height=\"533\" src=\"https:\/\/fos.consulting\/wp-content\/uploads\/2026\/04\/7953005-yajYaB.avif\" class=\"attachment-medium_featured size-medium_featured not-transparent skip-lazy wp-post-image\" alt=\"\" title=\"\" sizes=\"auto, (min-width: 690px) 50vw, 100vw\" srcset=\"https:\/\/fos.consulting\/wp-content\/uploads\/2026\/04\/7953005-yajYaB.avif 799w, https:\/\/fos.consulting\/wp-content\/uploads\/2026\/04\/7953005-yajYaB-300x200.avif 300w, https:\/\/fos.consulting\/wp-content\/uploads\/2026\/04\/7953005-yajYaB-768x512.avif 768w, https:\/\/fos.consulting\/wp-content\/uploads\/2026\/04\/7953005-yajYaB-18x12.avif 18w\" data-has-transparency=\"false\" data-dominant-color=\"7b5e50\" style=\"--dominant-color: #7b5e50;\" \/><\/span>        \n        <div class=\"article-content-wrap\">\n          \n          <span class=\"meta-category\"><a class=\"noticias\" href=\"https:\/\/fos.consulting\/en\/categorias-base\/noticias\/\">Revistahosteleria.com<\/a><\/span>          \n          <div class=\"post-header\">\n            <h3 class=\"title\"><a href=\"https:\/\/fos.consulting\/en\/blog\/2026\/04\/30\/les-grands-buffets-inicia-su-renovacion-con-una-inversion-de-mas-de-40-millones-de-euros\/\"> Les Grands Buffets inicia su renovaci\u00f3n con una inversi\u00f3n de m\u00e1s de 40 millones de euros<\/a><\/h3>\n                      <\/div>\n          \n        <\/div><!--article-content-wrap-->\n        \n      <\/div><!--\/content-inner-->\n        \n    <\/div><!--\/post-content-->\n      \n  <\/div><!--\/inner-wrap-->\n    \n<\/article>     \n     \n<article id=\"post-49247\" class=\"masonry-blog-item post-49247 post type-post status-publish format-standard has-post-thumbnail category-noticias\">  \n    \n  <div class=\"inner-wrap animated\">\n    \n    <div class=\"post-content\">\n\n      <div class=\"content-inner\">\n        \n        <a class=\"entire-meta-link\" href=\"https:\/\/fos.consulting\/en\/blog\/2026\/04\/30\/cuenta-atras-para-la-apertura-de-intelier-malvarrosa-plaza\/\"><span class=\"screen-reader-text\">Cuenta atr\u00e1s para la apertura de Intelier Malvarrosa Plaza<\/span><\/a>\n        \n        <span class=\"post-featured-img\"><img loading=\"lazy\" decoding=\"async\" width=\"800\" height=\"800\" src=\"https:\/\/fos.consulting\/wp-content\/uploads\/2026\/04\/7954902-aoolWW-800x800.avif\" class=\"attachment-medium_featured size-medium_featured not-transparent skip-lazy wp-post-image\" alt=\"\" title=\"\" sizes=\"auto, (min-width: 690px) 50vw, 100vw\" srcset=\"https:\/\/fos.consulting\/wp-content\/uploads\/2026\/04\/7954902-aoolWW-800x800.avif 800w, https:\/\/fos.consulting\/wp-content\/uploads\/2026\/04\/7954902-aoolWW-150x150.avif 150w, https:\/\/fos.consulting\/wp-content\/uploads\/2026\/04\/7954902-aoolWW-140x140.avif 140w, https:\/\/fos.consulting\/wp-content\/uploads\/2026\/04\/7954902-aoolWW-100x100.avif 100w, https:\/\/fos.consulting\/wp-content\/uploads\/2026\/04\/7954902-aoolWW-500x500.avif 500w, https:\/\/fos.consulting\/wp-content\/uploads\/2026\/04\/7954902-aoolWW-350x350.avif 350w, https:\/\/fos.consulting\/wp-content\/uploads\/2026\/04\/7954902-aoolWW-1000x1000.avif 1000w, https:\/\/fos.consulting\/wp-content\/uploads\/2026\/04\/7954902-aoolWW-50x50.avif 50w, https:\/\/fos.consulting\/wp-content\/uploads\/2026\/04\/7954902-aoolWW-scaled.avif 1600w, https:\/\/fos.consulting\/wp-content\/uploads\/2026\/04\/7954902-aoolWW-scaled.avif 2400w\" data-has-transparency=\"false\" data-dominant-color=\"a0a0a0\" style=\"--dominant-color: #a0a0a0;\" \/><\/span>        \n        <div class=\"article-content-wrap\">\n          \n          <span class=\"meta-category\"><a class=\"noticias\" href=\"https:\/\/fos.consulting\/en\/categorias-base\/noticias\/\">Revistahosteleria.com<\/a><\/span>          \n          <div class=\"post-header\">\n            <h3 class=\"title\"><a href=\"https:\/\/fos.consulting\/en\/blog\/2026\/04\/30\/cuenta-atras-para-la-apertura-de-intelier-malvarrosa-plaza\/\"> Cuenta atr\u00e1s para la apertura de Intelier Malvarrosa Plaza<\/a><\/h3>\n                      <\/div>\n          \n        <\/div><!--article-content-wrap-->\n        \n      <\/div><!--\/content-inner-->\n        \n    <\/div><!--\/post-content-->\n      \n  <\/div><!--\/inner-wrap-->\n    \n<\/article>     \n     \n<article id=\"post-49249\" class=\"masonry-blog-item post-49249 post type-post status-publish format-standard has-post-thumbnail category-noticias\">  \n    \n  <div class=\"inner-wrap animated\">\n    \n    <div class=\"post-content\">\n\n      <div class=\"content-inner\">\n        \n        <a class=\"entire-meta-link\" href=\"https:\/\/fos.consulting\/en\/blog\/2026\/04\/30\/ona-hotels-apartments-impulsa-su-canal-directo-con-witbooking-de-septeo\/\"><span class=\"screen-reader-text\">Ona Hotels &amp; Apartments impulsa su canal directo con Witbooking de Septeo<\/span><\/a>\n        \n        <span class=\"post-featured-img\"><img loading=\"lazy\" decoding=\"async\" width=\"800\" height=\"800\" src=\"https:\/\/fos.consulting\/wp-content\/uploads\/2026\/04\/7954890-E5AUt2-800x800.avif\" class=\"attachment-medium_featured size-medium_featured not-transparent skip-lazy wp-post-image\" alt=\"\" title=\"\" sizes=\"auto, (min-width: 690px) 50vw, 100vw\" srcset=\"https:\/\/fos.consulting\/wp-content\/uploads\/2026\/04\/7954890-E5AUt2-800x800.avif 800w, https:\/\/fos.consulting\/wp-content\/uploads\/2026\/04\/7954890-E5AUt2-150x150.avif 150w, https:\/\/fos.consulting\/wp-content\/uploads\/2026\/04\/7954890-E5AUt2-140x140.avif 140w, https:\/\/fos.consulting\/wp-content\/uploads\/2026\/04\/7954890-E5AUt2-100x100.avif 100w, https:\/\/fos.consulting\/wp-content\/uploads\/2026\/04\/7954890-E5AUt2-500x500.avif 500w, https:\/\/fos.consulting\/wp-content\/uploads\/2026\/04\/7954890-E5AUt2-350x350.avif 350w, https:\/\/fos.consulting\/wp-content\/uploads\/2026\/04\/7954890-E5AUt2-1000x1000.avif 1000w, https:\/\/fos.consulting\/wp-content\/uploads\/2026\/04\/7954890-E5AUt2-50x50.avif 50w, https:\/\/fos.consulting\/wp-content\/uploads\/2026\/04\/7954890-E5AUt2.avif 1600w, https:\/\/fos.consulting\/wp-content\/uploads\/2026\/04\/7954890-E5AUt2.avif 2400w\" data-has-transparency=\"false\" data-dominant-color=\"7399a2\" style=\"--dominant-color: #7399a2;\" \/><\/span>        \n        <div class=\"article-content-wrap\">\n          \n          <span class=\"meta-category\"><a class=\"noticias\" href=\"https:\/\/fos.consulting\/en\/categorias-base\/noticias\/\">Revistahosteleria.com<\/a><\/span>          \n          <div class=\"post-header\">\n            <h3 class=\"title\"><a href=\"https:\/\/fos.consulting\/en\/blog\/2026\/04\/30\/ona-hotels-apartments-impulsa-su-canal-directo-con-witbooking-de-septeo\/\"> Ona Hotels &amp; Apartments impulsa su canal directo con Witbooking de Septeo<\/a><\/h3>\n                      <\/div>\n          \n        <\/div><!--article-content-wrap-->\n        \n      <\/div><!--\/content-inner-->\n        \n    <\/div><!--\/post-content-->\n      \n  <\/div><!--\/inner-wrap-->\n    \n<\/article>     \n     \n<article id=\"post-49237\" class=\"masonry-blog-item post-49237 post type-post status-publish format-standard has-post-thumbnail category-noticias\">  \n    \n  <div class=\"inner-wrap animated\">\n    \n    <div class=\"post-content\">\n\n      <div class=\"content-inner\">\n        \n        <a class=\"entire-meta-link\" href=\"https:\/\/fos.consulting\/en\/blog\/2026\/04\/30\/la-boutique-trattoria-viajera-refuerza-su-expansion-nacional-con-un-restaurante-en-santiago-de-compostela\/\"><span class=\"screen-reader-text\">La Boutique Trattoria Viajera refuerza su expansi\u00f3n nacional con un restaurante en Santiago de Compostela<\/span><\/a>\n        \n        <span class=\"post-featured-img\"><img loading=\"lazy\" decoding=\"async\" width=\"800\" height=\"800\" src=\"https:\/\/fos.consulting\/wp-content\/uploads\/2026\/04\/7954886-HWGo40-800x800.avif\" class=\"attachment-medium_featured size-medium_featured not-transparent skip-lazy wp-post-image\" alt=\"\" title=\"\" sizes=\"auto, (min-width: 690px) 50vw, 100vw\" srcset=\"https:\/\/fos.consulting\/wp-content\/uploads\/2026\/04\/7954886-HWGo40-800x800.avif 800w, https:\/\/fos.consulting\/wp-content\/uploads\/2026\/04\/7954886-HWGo40-150x150.avif 150w, https:\/\/fos.consulting\/wp-content\/uploads\/2026\/04\/7954886-HWGo40-140x140.avif 140w, https:\/\/fos.consulting\/wp-content\/uploads\/2026\/04\/7954886-HWGo40-100x100.avif 100w, https:\/\/fos.consulting\/wp-content\/uploads\/2026\/04\/7954886-HWGo40-500x500.avif 500w, https:\/\/fos.consulting\/wp-content\/uploads\/2026\/04\/7954886-HWGo40-350x350.avif 350w, https:\/\/fos.consulting\/wp-content\/uploads\/2026\/04\/7954886-HWGo40-1000x1000.avif 1000w, https:\/\/fos.consulting\/wp-content\/uploads\/2026\/04\/7954886-HWGo40-50x50.avif 50w\" data-has-transparency=\"false\" data-dominant-color=\"80685a\" style=\"--dominant-color: #80685a;\" \/><\/span>        \n        <div class=\"article-content-wrap\">\n          \n          <span class=\"meta-category\"><a class=\"noticias\" href=\"https:\/\/fos.consulting\/en\/categorias-base\/noticias\/\">Revistahosteleria.com<\/a><\/span>          \n          <div class=\"post-header\">\n            <h3 class=\"title\"><a href=\"https:\/\/fos.consulting\/en\/blog\/2026\/04\/30\/la-boutique-trattoria-viajera-refuerza-su-expansion-nacional-con-un-restaurante-en-santiago-de-compostela\/\"> La Boutique Trattoria Viajera refuerza su expansi\u00f3n nacional con un restaurante en Santiago de Compostela<\/a><\/h3>\n                      <\/div>\n          \n        <\/div><!--article-content-wrap-->\n        \n      <\/div><!--\/content-inner-->\n        \n    <\/div><!--\/post-content-->\n      \n  <\/div><!--\/inner-wrap-->\n    \n<\/article>     \n     \n<article id=\"post-49239\" class=\"masonry-blog-item post-49239 post type-post status-publish format-standard has-post-thumbnail category-noticias\">  \n    \n  <div class=\"inner-wrap animated\">\n    \n    <div class=\"post-content\">\n\n      <div class=\"content-inner\">\n        \n        <a class=\"entire-meta-link\" href=\"https:\/\/fos.consulting\/en\/blog\/2026\/04\/30\/el-48-de-las-empresas-de-restauracion-tiene-un-riesgo-maximo-o-elevado-de-impago\/\"><span class=\"screen-reader-text\">El 48% de las empresas de restauraci\u00f3n tiene un riesgo m\u00e1ximo o elevado de impago<\/span><\/a>\n        \n        <span class=\"post-featured-img\"><img loading=\"lazy\" decoding=\"async\" width=\"775\" height=\"622\" src=\"https:\/\/fos.consulting\/wp-content\/uploads\/2026\/04\/7953872-AUb8KX.avif\" class=\"attachment-medium_featured size-medium_featured not-transparent skip-lazy wp-post-image\" alt=\"\" title=\"\" sizes=\"auto, (min-width: 690px) 50vw, 100vw\" srcset=\"https:\/\/fos.consulting\/wp-content\/uploads\/2026\/04\/7953872-AUb8KX.avif 775w, https:\/\/fos.consulting\/wp-content\/uploads\/2026\/04\/7953872-AUb8KX-300x241.avif 300w, https:\/\/fos.consulting\/wp-content\/uploads\/2026\/04\/7953872-AUb8KX-768x616.avif 768w, https:\/\/fos.consulting\/wp-content\/uploads\/2026\/04\/7953872-AUb8KX-15x12.avif 15w\" data-has-transparency=\"false\" data-dominant-color=\"ead6d9\" style=\"--dominant-color: #ead6d9;\" \/><\/span>        \n        <div class=\"article-content-wrap\">\n          \n          <span class=\"meta-category\"><a class=\"noticias\" href=\"https:\/\/fos.consulting\/en\/categorias-base\/noticias\/\">Revistahosteleria.com<\/a><\/span>          \n          <div class=\"post-header\">\n            <h3 class=\"title\"><a href=\"https:\/\/fos.consulting\/en\/blog\/2026\/04\/30\/el-48-de-las-empresas-de-restauracion-tiene-un-riesgo-maximo-o-elevado-de-impago\/\"> El 48% de las empresas de restauraci\u00f3n tiene un riesgo m\u00e1ximo o elevado de impago<\/a><\/h3>\n                      <\/div>\n          \n        <\/div><!--article-content-wrap-->\n        \n      <\/div><!--\/content-inner-->\n        \n    <\/div><!--\/post-content-->\n      \n  <\/div><!--\/inner-wrap-->\n    \n<\/article>     \n     \n<article id=\"post-49241\" class=\"masonry-blog-item post-49241 post type-post status-publish format-standard has-post-thumbnail category-noticias\">  \n    \n  <div class=\"inner-wrap animated\">\n    \n    <div class=\"post-content\">\n\n      <div class=\"content-inner\">\n        \n        <a class=\"entire-meta-link\" href=\"https:\/\/fos.consulting\/en\/blog\/2026\/04\/30\/una-tasa-de-rotacion-del-638-y-puestos-sin-cubrir-obligan-a-reinventar-la-seleccion-de-personal\/\"><span class=\"screen-reader-text\">Una tasa de rotaci\u00f3n del 63,8% y puestos sin cubrir obligan a reinventar la selecci\u00f3n de personal<\/span><\/a>\n        \n        <span class=\"post-featured-img\"><img loading=\"lazy\" decoding=\"async\" width=\"800\" height=\"800\" src=\"https:\/\/fos.consulting\/wp-content\/uploads\/2026\/04\/7953867-FcX4tP-800x800.avif\" class=\"attachment-medium_featured size-medium_featured not-transparent skip-lazy wp-post-image\" alt=\"\" title=\"\" sizes=\"auto, (min-width: 690px) 50vw, 100vw\" srcset=\"https:\/\/fos.consulting\/wp-content\/uploads\/2026\/04\/7953867-FcX4tP-800x800.avif 800w, https:\/\/fos.consulting\/wp-content\/uploads\/2026\/04\/7953867-FcX4tP-150x150.avif 150w, https:\/\/fos.consulting\/wp-content\/uploads\/2026\/04\/7953867-FcX4tP-140x140.avif 140w, https:\/\/fos.consulting\/wp-content\/uploads\/2026\/04\/7953867-FcX4tP-100x100.avif 100w, https:\/\/fos.consulting\/wp-content\/uploads\/2026\/04\/7953867-FcX4tP-500x500.avif 500w, https:\/\/fos.consulting\/wp-content\/uploads\/2026\/04\/7953867-FcX4tP-350x350.avif 350w, https:\/\/fos.consulting\/wp-content\/uploads\/2026\/04\/7953867-FcX4tP-1000x1000.avif 1000w, https:\/\/fos.consulting\/wp-content\/uploads\/2026\/04\/7953867-FcX4tP-50x50.avif 50w, https:\/\/fos.consulting\/wp-content\/uploads\/2026\/04\/7953867-FcX4tP.avif 1600w\" data-has-transparency=\"false\" data-dominant-color=\"ccd3dd\" style=\"--dominant-color: #ccd3dd;\" \/><\/span>        \n        <div class=\"article-content-wrap\">\n          \n          <span class=\"meta-category\"><a class=\"noticias\" href=\"https:\/\/fos.consulting\/en\/categorias-base\/noticias\/\">Revistahosteleria.com<\/a><\/span>          \n          <div class=\"post-header\">\n            <h3 class=\"title\"><a href=\"https:\/\/fos.consulting\/en\/blog\/2026\/04\/30\/una-tasa-de-rotacion-del-638-y-puestos-sin-cubrir-obligan-a-reinventar-la-seleccion-de-personal\/\"> Una tasa de rotaci\u00f3n del 63,8% y puestos sin cubrir obligan a reinventar la selecci\u00f3n de personal<\/a><\/h3>\n                      <\/div>\n          \n        <\/div><!--article-content-wrap-->\n        \n      <\/div><!--\/content-inner-->\n        \n    <\/div><!--\/post-content-->\n      \n  <\/div><!--\/inner-wrap-->\n    \n<\/article>     \n     \n<article id=\"post-49243\" class=\"masonry-blog-item post-49243 post type-post status-publish format-standard has-post-thumbnail category-noticias\">  \n    \n  <div class=\"inner-wrap animated\">\n    \n    <div class=\"post-content\">\n\n      <div class=\"content-inner\">\n        \n        <a class=\"entire-meta-link\" href=\"https:\/\/fos.consulting\/en\/blog\/2026\/04\/30\/madrid-food-fest-presenta-los-colaboradores-de-su-primera-edicion\/\"><span class=\"screen-reader-text\">Madrid Food Fest presenta los colaboradores de su primera edici\u00f3n<\/span><\/a>\n        \n        <span class=\"post-featured-img\"><img loading=\"lazy\" decoding=\"async\" width=\"800\" height=\"800\" src=\"https:\/\/fos.consulting\/wp-content\/uploads\/2026\/04\/7954901-2THOjQ-800x800.avif\" class=\"attachment-medium_featured size-medium_featured not-transparent skip-lazy wp-post-image\" alt=\"\" title=\"\" sizes=\"auto, (min-width: 690px) 50vw, 100vw\" srcset=\"https:\/\/fos.consulting\/wp-content\/uploads\/2026\/04\/7954901-2THOjQ-800x800.avif 800w, https:\/\/fos.consulting\/wp-content\/uploads\/2026\/04\/7954901-2THOjQ-150x150.avif 150w, https:\/\/fos.consulting\/wp-content\/uploads\/2026\/04\/7954901-2THOjQ-140x140.avif 140w, https:\/\/fos.consulting\/wp-content\/uploads\/2026\/04\/7954901-2THOjQ-100x100.avif 100w, https:\/\/fos.consulting\/wp-content\/uploads\/2026\/04\/7954901-2THOjQ-500x500.avif 500w, https:\/\/fos.consulting\/wp-content\/uploads\/2026\/04\/7954901-2THOjQ-350x350.avif 350w, https:\/\/fos.consulting\/wp-content\/uploads\/2026\/04\/7954901-2THOjQ-1000x1000.avif 1000w, https:\/\/fos.consulting\/wp-content\/uploads\/2026\/04\/7954901-2THOjQ-50x50.avif 50w, https:\/\/fos.consulting\/wp-content\/uploads\/2026\/04\/7954901-2THOjQ-scaled.avif 1600w, https:\/\/fos.consulting\/wp-content\/uploads\/2026\/04\/7954901-2THOjQ-scaled.avif 2400w\" data-has-transparency=\"false\" data-dominant-color=\"906c5b\" style=\"--dominant-color: #906c5b;\" \/><\/span>        \n        <div class=\"article-content-wrap\">\n          \n          <span class=\"meta-category\"><a class=\"noticias\" href=\"https:\/\/fos.consulting\/en\/categorias-base\/noticias\/\">Revistahosteleria.com<\/a><\/span>          \n          <div class=\"post-header\">\n            <h3 class=\"title\"><a href=\"https:\/\/fos.consulting\/en\/blog\/2026\/04\/30\/madrid-food-fest-presenta-los-colaboradores-de-su-primera-edicion\/\"> Madrid Food Fest presenta los colaboradores de su primera edici\u00f3n<\/a><\/h3>\n                      <\/div>\n          \n        <\/div><!--article-content-wrap-->\n        \n      <\/div><!--\/content-inner-->\n        \n    <\/div><!--\/post-content-->\n      \n  <\/div><!--\/inner-wrap-->\n    \n<\/article>     \n     \n<article id=\"post-49211\" class=\"masonry-blog-item post-49211 post type-post status-publish format-standard has-post-thumbnail category-noticias\">  \n    \n  <div class=\"inner-wrap animated\">\n    \n    <div class=\"post-content\">\n\n      <div class=\"content-inner\">\n        \n        <a class=\"entire-meta-link\" href=\"https:\/\/fos.consulting\/en\/blog\/2026\/04\/29\/hestia-inversion-patrimonial-rehabilitara-seis-edificios-historicos-sevillanos\/\"><span class=\"screen-reader-text\">Hestia Inversi\u00f3n Patrimonial rehabilitar\u00e1 seis edificios hist\u00f3ricos sevillanos<\/span><\/a>\n        \n        <span class=\"post-featured-img\"><img loading=\"lazy\" decoding=\"async\" width=\"800\" height=\"800\" src=\"https:\/\/fos.consulting\/wp-content\/uploads\/2026\/04\/7953879-9FI9ij-800x800.avif\" class=\"attachment-medium_featured size-medium_featured not-transparent skip-lazy wp-post-image\" alt=\"\" title=\"\" sizes=\"auto, (min-width: 690px) 50vw, 100vw\" srcset=\"https:\/\/fos.consulting\/wp-content\/uploads\/2026\/04\/7953879-9FI9ij-800x800.avif 800w, https:\/\/fos.consulting\/wp-content\/uploads\/2026\/04\/7953879-9FI9ij-150x150.avif 150w, https:\/\/fos.consulting\/wp-content\/uploads\/2026\/04\/7953879-9FI9ij-140x140.avif 140w, https:\/\/fos.consulting\/wp-content\/uploads\/2026\/04\/7953879-9FI9ij-100x100.avif 100w, https:\/\/fos.consulting\/wp-content\/uploads\/2026\/04\/7953879-9FI9ij-500x500.avif 500w, https:\/\/fos.consulting\/wp-content\/uploads\/2026\/04\/7953879-9FI9ij-350x350.avif 350w, https:\/\/fos.consulting\/wp-content\/uploads\/2026\/04\/7953879-9FI9ij-50x50.avif 50w\" data-has-transparency=\"false\" data-dominant-color=\"605758\" style=\"--dominant-color: #605758;\" \/><\/span>        \n        <div class=\"article-content-wrap\">\n          \n          <span class=\"meta-category\"><a class=\"noticias\" href=\"https:\/\/fos.consulting\/en\/categorias-base\/noticias\/\">Revistahosteleria.com<\/a><\/span>          \n          <div class=\"post-header\">\n            <h3 class=\"title\"><a href=\"https:\/\/fos.consulting\/en\/blog\/2026\/04\/29\/hestia-inversion-patrimonial-rehabilitara-seis-edificios-historicos-sevillanos\/\"> Hestia Inversi\u00f3n Patrimonial rehabilitar\u00e1 seis edificios hist\u00f3ricos sevillanos<\/a><\/h3>\n                      <\/div>\n          \n        <\/div><!--article-content-wrap-->\n        \n      <\/div><!--\/content-inner-->\n        \n    <\/div><!--\/post-content-->\n      \n  <\/div><!--\/inner-wrap-->\n    \n<\/article>     \n     \n<article id=\"post-49213\" class=\"masonry-blog-item post-49213 post type-post status-publish format-standard has-post-thumbnail category-noticias\">  \n    \n  <div class=\"inner-wrap animated\">\n    \n    <div class=\"post-content\">\n\n      <div class=\"content-inner\">\n        \n        <a class=\"entire-meta-link\" href=\"https:\/\/fos.consulting\/en\/blog\/2026\/04\/29\/dolce-barcelona-obtiene-la-certificacion-bioscore\/\"><span class=\"screen-reader-text\">Dolce Barcelona obtiene la certificaci\u00f3n Bioscore<\/span><\/a>\n        \n        <span class=\"post-featured-img\"><img loading=\"lazy\" decoding=\"async\" width=\"800\" height=\"800\" src=\"https:\/\/fos.consulting\/wp-content\/uploads\/2026\/04\/7953926-5AJwoJ-800x800.avif\" class=\"attachment-medium_featured size-medium_featured not-transparent skip-lazy wp-post-image\" alt=\"\" title=\"\" sizes=\"auto, (min-width: 690px) 50vw, 100vw\" srcset=\"https:\/\/fos.consulting\/wp-content\/uploads\/2026\/04\/7953926-5AJwoJ-800x800.avif 800w, https:\/\/fos.consulting\/wp-content\/uploads\/2026\/04\/7953926-5AJwoJ-150x150.avif 150w, https:\/\/fos.consulting\/wp-content\/uploads\/2026\/04\/7953926-5AJwoJ-140x140.avif 140w, https:\/\/fos.consulting\/wp-content\/uploads\/2026\/04\/7953926-5AJwoJ-100x100.avif 100w, https:\/\/fos.consulting\/wp-content\/uploads\/2026\/04\/7953926-5AJwoJ-500x500.avif 500w, https:\/\/fos.consulting\/wp-content\/uploads\/2026\/04\/7953926-5AJwoJ-350x350.avif 350w, https:\/\/fos.consulting\/wp-content\/uploads\/2026\/04\/7953926-5AJwoJ-1000x1000.avif 1000w, https:\/\/fos.consulting\/wp-content\/uploads\/2026\/04\/7953926-5AJwoJ-50x50.avif 50w, https:\/\/fos.consulting\/wp-content\/uploads\/2026\/04\/7953926-5AJwoJ.avif 1600w\" data-has-transparency=\"false\" data-dominant-color=\"9a978f\" style=\"--dominant-color: #9a978f;\" \/><\/span>        \n        <div class=\"article-content-wrap\">\n          \n          <span class=\"meta-category\"><a class=\"noticias\" href=\"https:\/\/fos.consulting\/en\/categorias-base\/noticias\/\">Revistahosteleria.com<\/a><\/span>          \n          <div class=\"post-header\">\n            <h3 class=\"title\"><a href=\"https:\/\/fos.consulting\/en\/blog\/2026\/04\/29\/dolce-barcelona-obtiene-la-certificacion-bioscore\/\"> Dolce Barcelona obtiene la certificaci\u00f3n Bioscore<\/a><\/h3>\n                      <\/div>\n          \n        <\/div><!--article-content-wrap-->\n        \n      <\/div><!--\/content-inner-->\n        \n    <\/div><!--\/post-content-->\n      \n  <\/div><!--\/inner-wrap-->\n    \n<\/article>     \n     \n<article id=\"post-49215\" class=\"masonry-blog-item post-49215 post type-post status-publish format-standard has-post-thumbnail category-noticias\">  \n    \n  <div class=\"inner-wrap animated\">\n    \n    <div class=\"post-content\">\n\n      <div class=\"content-inner\">\n        \n        <a class=\"entire-meta-link\" href=\"https:\/\/fos.consulting\/en\/blog\/2026\/04\/29\/vips-elige-oasiz-madrid-para-abrir-su-mayor-establecimiento-en-el-corredor-del-henares\/\"><span class=\"screen-reader-text\">Vips elige Oasiz Madrid para abrir su mayor establecimiento en el Corredor del Henares<\/span><\/a>\n        \n        <span class=\"post-featured-img\"><img loading=\"lazy\" decoding=\"async\" width=\"800\" height=\"800\" src=\"https:\/\/fos.consulting\/wp-content\/uploads\/2026\/04\/7953850-ozPMHg-800x800.avif\" class=\"attachment-medium_featured size-medium_featured not-transparent skip-lazy wp-post-image\" alt=\"\" title=\"\" sizes=\"auto, (min-width: 690px) 50vw, 100vw\" srcset=\"https:\/\/fos.consulting\/wp-content\/uploads\/2026\/04\/7953850-ozPMHg-800x800.avif 800w, https:\/\/fos.consulting\/wp-content\/uploads\/2026\/04\/7953850-ozPMHg-150x150.avif 150w, https:\/\/fos.consulting\/wp-content\/uploads\/2026\/04\/7953850-ozPMHg-140x140.avif 140w, https:\/\/fos.consulting\/wp-content\/uploads\/2026\/04\/7953850-ozPMHg-100x100.avif 100w, https:\/\/fos.consulting\/wp-content\/uploads\/2026\/04\/7953850-ozPMHg-500x500.avif 500w, https:\/\/fos.consulting\/wp-content\/uploads\/2026\/04\/7953850-ozPMHg-350x350.avif 350w, https:\/\/fos.consulting\/wp-content\/uploads\/2026\/04\/7953850-ozPMHg-1000x1000.avif 1000w, https:\/\/fos.consulting\/wp-content\/uploads\/2026\/04\/7953850-ozPMHg-50x50.avif 50w, https:\/\/fos.consulting\/wp-content\/uploads\/2026\/04\/7953850-ozPMHg-scaled.avif 1600w, https:\/\/fos.consulting\/wp-content\/uploads\/2026\/04\/7953850-ozPMHg-scaled.avif 2400w\" data-has-transparency=\"false\" data-dominant-color=\"574e76\" style=\"--dominant-color: #574e76;\" \/><\/span>        \n        <div class=\"article-content-wrap\">\n          \n          <span class=\"meta-category\"><a class=\"noticias\" href=\"https:\/\/fos.consulting\/en\/categorias-base\/noticias\/\">Revistahosteleria.com<\/a><\/span>          \n          <div class=\"post-header\">\n            <h3 class=\"title\"><a href=\"https:\/\/fos.consulting\/en\/blog\/2026\/04\/29\/vips-elige-oasiz-madrid-para-abrir-su-mayor-establecimiento-en-el-corredor-del-henares\/\"> Vips elige Oasiz Madrid para abrir su mayor establecimiento en el Corredor del Henares<\/a><\/h3>\n                      <\/div>\n          \n        <\/div><!--article-content-wrap-->\n        \n      <\/div><!--\/content-inner-->\n        \n    <\/div><!--\/post-content-->\n      \n  <\/div><!--\/inner-wrap-->\n    \n<\/article>     \n     \n<article id=\"post-49217\" class=\"masonry-blog-item post-49217 post type-post status-publish format-standard has-post-thumbnail category-noticias\">  \n    \n  <div class=\"inner-wrap animated\">\n    \n    <div class=\"post-content\">\n\n      <div class=\"content-inner\">\n        \n        <a class=\"entire-meta-link\" href=\"https:\/\/fos.consulting\/en\/blog\/2026\/04\/29\/aloha-aterriza-en-el-aeropuerto-de-ibiza\/\"><span class=\"screen-reader-text\">Aloha aterriza en el aeropuerto de Ibiza<\/span><\/a>\n        \n        <span class=\"post-featured-img\"><img loading=\"lazy\" decoding=\"async\" width=\"800\" height=\"800\" src=\"https:\/\/fos.consulting\/wp-content\/uploads\/2026\/04\/7952985-hLh3Qn-800x800.avif\" class=\"attachment-medium_featured size-medium_featured not-transparent skip-lazy wp-post-image\" alt=\"\" title=\"\" sizes=\"auto, (min-width: 690px) 50vw, 100vw\" srcset=\"https:\/\/fos.consulting\/wp-content\/uploads\/2026\/04\/7952985-hLh3Qn-800x800.avif 800w, https:\/\/fos.consulting\/wp-content\/uploads\/2026\/04\/7952985-hLh3Qn-150x150.avif 150w, https:\/\/fos.consulting\/wp-content\/uploads\/2026\/04\/7952985-hLh3Qn-140x140.avif 140w, https:\/\/fos.consulting\/wp-content\/uploads\/2026\/04\/7952985-hLh3Qn-100x100.avif 100w, https:\/\/fos.consulting\/wp-content\/uploads\/2026\/04\/7952985-hLh3Qn-500x500.avif 500w, https:\/\/fos.consulting\/wp-content\/uploads\/2026\/04\/7952985-hLh3Qn-350x350.avif 350w, https:\/\/fos.consulting\/wp-content\/uploads\/2026\/04\/7952985-hLh3Qn-1000x1000.avif 1000w, https:\/\/fos.consulting\/wp-content\/uploads\/2026\/04\/7952985-hLh3Qn-50x50.avif 50w, https:\/\/fos.consulting\/wp-content\/uploads\/2026\/04\/7952985-hLh3Qn.avif 1600w\" data-has-transparency=\"false\" data-dominant-color=\"807068\" style=\"--dominant-color: #807068;\" \/><\/span>        \n        <div class=\"article-content-wrap\">\n          \n          <span class=\"meta-category\"><a class=\"noticias\" href=\"https:\/\/fos.consulting\/en\/categorias-base\/noticias\/\">Revistahosteleria.com<\/a><\/span>          \n          <div class=\"post-header\">\n            <h3 class=\"title\"><a href=\"https:\/\/fos.consulting\/en\/blog\/2026\/04\/29\/aloha-aterriza-en-el-aeropuerto-de-ibiza\/\"> Aloha aterriza en el aeropuerto de Ibiza<\/a><\/h3>\n                      <\/div>\n          \n        <\/div><!--article-content-wrap-->\n        \n      <\/div><!--\/content-inner-->\n        \n    <\/div><!--\/post-content-->\n      \n  <\/div><!--\/inner-wrap-->\n    \n<\/article>     \n     \n<article id=\"post-49219\" class=\"masonry-blog-item post-49219 post type-post status-publish format-standard has-post-thumbnail category-noticias\">  \n    \n  <div class=\"inner-wrap animated\">\n    \n    <div class=\"post-content\">\n\n      <div class=\"content-inner\">\n        \n        <a class=\"entire-meta-link\" href=\"https:\/\/fos.consulting\/en\/blog\/2026\/04\/29\/casa-felisa-inicia-una-nueva-etapa-con-rafael-cordon-al-frente-de-su-cocina\/\"><span class=\"screen-reader-text\">Casa Felisa inicia una nueva etapa con Rafael Cord\u00f3n al frente de su cocina<\/span><\/a>\n        \n        <span class=\"post-featured-img\"><img loading=\"lazy\" decoding=\"async\" width=\"800\" height=\"667\" src=\"https:\/\/fos.consulting\/wp-content\/uploads\/2026\/04\/7952939-nWqmdN-800x667.avif\" class=\"attachment-medium_featured size-medium_featured not-transparent skip-lazy wp-post-image\" alt=\"\" title=\"\" sizes=\"auto, (min-width: 690px) 50vw, 100vw\" data-has-transparency=\"false\" data-dominant-color=\"9c635e\" style=\"--dominant-color: #9c635e;\" \/><\/span>        \n        <div class=\"article-content-wrap\">\n          \n          <span class=\"meta-category\"><a class=\"noticias\" href=\"https:\/\/fos.consulting\/en\/categorias-base\/noticias\/\">Revistahosteleria.com<\/a><\/span>          \n          <div class=\"post-header\">\n            <h3 class=\"title\"><a href=\"https:\/\/fos.consulting\/en\/blog\/2026\/04\/29\/casa-felisa-inicia-una-nueva-etapa-con-rafael-cordon-al-frente-de-su-cocina\/\"> Casa Felisa inicia una nueva etapa con Rafael Cord\u00f3n al frente de su cocina<\/a><\/h3>\n                      <\/div>\n          \n        <\/div><!--article-content-wrap-->\n        \n      <\/div><!--\/content-inner-->\n        \n    <\/div><!--\/post-content-->\n      \n  <\/div><!--\/inner-wrap-->\n    \n<\/article>     \n     \n<article id=\"post-49206\" class=\"masonry-blog-item post-49206 post type-post status-publish format-standard has-post-thumbnail category-noticias\">  \n    \n  <div class=\"inner-wrap animated\">\n    \n    <div class=\"post-content\">\n\n      <div class=\"content-inner\">\n        \n        <a class=\"entire-meta-link\" href=\"https:\/\/fos.consulting\/en\/blog\/2026\/04\/29\/mcdonalds-espana-lanza-su-nueva-edicion-de-mycrew\/\"><span class=\"screen-reader-text\">McDonald\u2019s Espa\u00f1a lanza su nueva edici\u00f3n de MyCrew<\/span><\/a>\n        \n        <span class=\"post-featured-img\"><img loading=\"lazy\" decoding=\"async\" width=\"800\" height=\"800\" src=\"https:\/\/fos.consulting\/wp-content\/uploads\/2026\/04\/7952989-YsDtaH-800x800.avif\" class=\"attachment-medium_featured size-medium_featured not-transparent skip-lazy wp-post-image\" alt=\"\" title=\"\" sizes=\"auto, (min-width: 690px) 50vw, 100vw\" srcset=\"https:\/\/fos.consulting\/wp-content\/uploads\/2026\/04\/7952989-YsDtaH-800x800.avif 800w, https:\/\/fos.consulting\/wp-content\/uploads\/2026\/04\/7952989-YsDtaH-150x150.avif 150w, https:\/\/fos.consulting\/wp-content\/uploads\/2026\/04\/7952989-YsDtaH-140x140.avif 140w, https:\/\/fos.consulting\/wp-content\/uploads\/2026\/04\/7952989-YsDtaH-100x100.avif 100w, https:\/\/fos.consulting\/wp-content\/uploads\/2026\/04\/7952989-YsDtaH-500x500.avif 500w, https:\/\/fos.consulting\/wp-content\/uploads\/2026\/04\/7952989-YsDtaH-350x350.avif 350w, https:\/\/fos.consulting\/wp-content\/uploads\/2026\/04\/7952989-YsDtaH-1000x1000.avif 1000w, https:\/\/fos.consulting\/wp-content\/uploads\/2026\/04\/7952989-YsDtaH-50x50.avif 50w, https:\/\/fos.consulting\/wp-content\/uploads\/2026\/04\/7952989-YsDtaH.avif 1600w, https:\/\/fos.consulting\/wp-content\/uploads\/2026\/04\/7952989-YsDtaH.avif 2400w\" data-has-transparency=\"false\" data-dominant-color=\"6a635d\" style=\"--dominant-color: #6a635d;\" \/><\/span>        \n        <div class=\"article-content-wrap\">\n          \n          <span class=\"meta-category\"><a class=\"noticias\" href=\"https:\/\/fos.consulting\/en\/categorias-base\/noticias\/\">Revistahosteleria.com<\/a><\/span>          \n          <div class=\"post-header\">\n            <h3 class=\"title\"><a href=\"https:\/\/fos.consulting\/en\/blog\/2026\/04\/29\/mcdonalds-espana-lanza-su-nueva-edicion-de-mycrew\/\"> McDonald\u2019s Espa\u00f1a lanza su nueva edici\u00f3n de MyCrew<\/a><\/h3>\n                      <\/div>\n          \n        <\/div><!--article-content-wrap-->\n        \n      <\/div><!--\/content-inner-->\n        \n    <\/div><!--\/post-content-->\n      \n  <\/div><!--\/inner-wrap-->\n    \n<\/article>     \n     \n<article id=\"post-49208\" class=\"masonry-blog-item post-49208 post type-post status-publish format-standard has-post-thumbnail category-noticias\">  \n    \n  <div class=\"inner-wrap animated\">\n    \n    <div class=\"post-content\">\n\n      <div class=\"content-inner\">\n        \n        <a class=\"entire-meta-link\" href=\"https:\/\/fos.consulting\/en\/blog\/2026\/04\/29\/que-factores-impulsan-la-consideracion-la-percepcion-de-calidad-y-la-fidelidad-hacia-las-principales-cadenas\/\"><span class=\"screen-reader-text\">\u00bfQu\u00e9 factores impulsan la consideraci\u00f3n, la percepci\u00f3n de calidad y la fidelidad hacia las principales cadenas?<\/span><\/a>\n        \n        <span class=\"post-featured-img\"><img loading=\"lazy\" decoding=\"async\" width=\"800\" height=\"800\" src=\"https:\/\/fos.consulting\/wp-content\/uploads\/2026\/04\/7951379-7Ieb1G-800x800.avif\" class=\"attachment-medium_featured size-medium_featured not-transparent skip-lazy wp-post-image\" alt=\"\" title=\"\" sizes=\"auto, (min-width: 690px) 50vw, 100vw\" srcset=\"https:\/\/fos.consulting\/wp-content\/uploads\/2026\/04\/7951379-7Ieb1G-800x800.avif 800w, https:\/\/fos.consulting\/wp-content\/uploads\/2026\/04\/7951379-7Ieb1G-150x150.avif 150w, https:\/\/fos.consulting\/wp-content\/uploads\/2026\/04\/7951379-7Ieb1G-140x140.avif 140w, https:\/\/fos.consulting\/wp-content\/uploads\/2026\/04\/7951379-7Ieb1G-100x100.avif 100w, https:\/\/fos.consulting\/wp-content\/uploads\/2026\/04\/7951379-7Ieb1G-500x500.avif 500w, https:\/\/fos.consulting\/wp-content\/uploads\/2026\/04\/7951379-7Ieb1G-350x350.avif 350w, https:\/\/fos.consulting\/wp-content\/uploads\/2026\/04\/7951379-7Ieb1G-1000x1000.avif 1000w, https:\/\/fos.consulting\/wp-content\/uploads\/2026\/04\/7951379-7Ieb1G-50x50.avif 50w, https:\/\/fos.consulting\/wp-content\/uploads\/2026\/04\/7951379-7Ieb1G.avif 1600w, https:\/\/fos.consulting\/wp-content\/uploads\/2026\/04\/7951379-7Ieb1G.avif 2400w\" data-has-transparency=\"false\" data-dominant-color=\"e48a94\" style=\"--dominant-color: #e48a94;\" \/><\/span>        \n        <div class=\"article-content-wrap\">\n          \n          <span class=\"meta-category\"><a class=\"noticias\" href=\"https:\/\/fos.consulting\/en\/categorias-base\/noticias\/\">Revistahosteleria.com<\/a><\/span>          \n          <div class=\"post-header\">\n            <h3 class=\"title\"><a href=\"https:\/\/fos.consulting\/en\/blog\/2026\/04\/29\/que-factores-impulsan-la-consideracion-la-percepcion-de-calidad-y-la-fidelidad-hacia-las-principales-cadenas\/\"> \u00bfQu\u00e9 factores impulsan la consideraci\u00f3n, la percepci\u00f3n de calidad y la fidelidad hacia las principales cadenas?<\/a><\/h3>\n                      <\/div>\n          \n        <\/div><!--article-content-wrap-->\n        \n      <\/div><!--\/content-inner-->\n        \n    <\/div><!--\/post-content-->\n      \n  <\/div><!--\/inner-wrap-->\n    \n<\/article>     \n     \n<article id=\"post-49177\" class=\"masonry-blog-item post-49177 post type-post status-publish format-standard has-post-thumbnail category-noticias\">  \n    \n  <div class=\"inner-wrap animated\">\n    \n    <div class=\"post-content\">\n\n      <div class=\"content-inner\">\n        \n        <a class=\"entire-meta-link\" href=\"https:\/\/fos.consulting\/en\/blog\/2026\/04\/28\/lesix-nuevo-complejo-de-restauracion-comercio-ocio-y-deporte-en-el-noroeste-de-madrid\/\"><span class=\"screen-reader-text\">Les\u00ecx, nuevo complejo de restauraci\u00f3n, comercio, ocio y deporte en el noroeste de Madrid<\/span><\/a>\n        \n        <span class=\"post-featured-img\"><img loading=\"lazy\" decoding=\"async\" width=\"800\" height=\"800\" src=\"https:\/\/fos.consulting\/wp-content\/uploads\/2026\/04\/7952960-bGx7K4-800x800.avif\" class=\"attachment-medium_featured size-medium_featured not-transparent skip-lazy wp-post-image\" alt=\"\" title=\"\" sizes=\"auto, (min-width: 690px) 50vw, 100vw\" srcset=\"https:\/\/fos.consulting\/wp-content\/uploads\/2026\/04\/7952960-bGx7K4-800x800.avif 800w, https:\/\/fos.consulting\/wp-content\/uploads\/2026\/04\/7952960-bGx7K4-150x150.avif 150w, https:\/\/fos.consulting\/wp-content\/uploads\/2026\/04\/7952960-bGx7K4-140x140.avif 140w, https:\/\/fos.consulting\/wp-content\/uploads\/2026\/04\/7952960-bGx7K4-100x100.avif 100w, https:\/\/fos.consulting\/wp-content\/uploads\/2026\/04\/7952960-bGx7K4-500x500.avif 500w, https:\/\/fos.consulting\/wp-content\/uploads\/2026\/04\/7952960-bGx7K4-350x350.avif 350w, https:\/\/fos.consulting\/wp-content\/uploads\/2026\/04\/7952960-bGx7K4-50x50.avif 50w\" data-has-transparency=\"false\" data-dominant-color=\"828694\" style=\"--dominant-color: #828694;\" \/><\/span>        \n        <div class=\"article-content-wrap\">\n          \n          <span class=\"meta-category\"><a class=\"noticias\" href=\"https:\/\/fos.consulting\/en\/categorias-base\/noticias\/\">Revistahosteleria.com<\/a><\/span>          \n          <div class=\"post-header\">\n            <h3 class=\"title\"><a href=\"https:\/\/fos.consulting\/en\/blog\/2026\/04\/28\/lesix-nuevo-complejo-de-restauracion-comercio-ocio-y-deporte-en-el-noroeste-de-madrid\/\"> Les\u00ecx, nuevo complejo de restauraci\u00f3n, comercio, ocio y deporte en el noroeste de Madrid<\/a><\/h3>\n                      <\/div>\n          \n        <\/div><!--article-content-wrap-->\n        \n      <\/div><!--\/content-inner-->\n        \n    <\/div><!--\/post-content-->\n      \n  <\/div><!--\/inner-wrap-->\n    \n<\/article>     \n     \n<article id=\"post-49179\" class=\"masonry-blog-item post-49179 post type-post status-publish format-standard has-post-thumbnail category-noticias\">  \n    \n  <div class=\"inner-wrap animated\">\n    \n    <div class=\"post-content\">\n\n      <div class=\"content-inner\">\n        \n        <a class=\"entire-meta-link\" href=\"https:\/\/fos.consulting\/en\/blog\/2026\/04\/28\/nomade-temple-ibiza-abrira-sus-puertas-el-23-de-junio\/\"><span class=\"screen-reader-text\">N\u00f4made Temple Ibiza abrir\u00e1 sus puertas el 23 de junio<\/span><\/a>\n        \n        <span class=\"post-featured-img\"><img loading=\"lazy\" decoding=\"async\" width=\"720\" height=\"455\" src=\"https:\/\/fos.consulting\/wp-content\/uploads\/2026\/04\/7952928-NCR5mY.avif\" class=\"attachment-medium_featured size-medium_featured has-transparency skip-lazy wp-post-image\" alt=\"\" title=\"\" sizes=\"auto, (min-width: 690px) 50vw, 100vw\" srcset=\"https:\/\/fos.consulting\/wp-content\/uploads\/2026\/04\/7952928-NCR5mY.avif 720w, https:\/\/fos.consulting\/wp-content\/uploads\/2026\/04\/7952928-NCR5mY-300x190.avif 300w, https:\/\/fos.consulting\/wp-content\/uploads\/2026\/04\/7952928-NCR5mY-18x12.avif 18w\" data-has-transparency=\"true\" data-dominant-color=\"6b645c\" style=\"--dominant-color: #6b645c;\" \/><\/span>        \n        <div class=\"article-content-wrap\">\n          \n          <span class=\"meta-category\"><a class=\"noticias\" href=\"https:\/\/fos.consulting\/en\/categorias-base\/noticias\/\">Revistahosteleria.com<\/a><\/span>          \n          <div class=\"post-header\">\n            <h3 class=\"title\"><a href=\"https:\/\/fos.consulting\/en\/blog\/2026\/04\/28\/nomade-temple-ibiza-abrira-sus-puertas-el-23-de-junio\/\"> N\u00f4made Temple Ibiza abrir\u00e1 sus puertas el 23 de junio<\/a><\/h3>\n                      <\/div>\n          \n        <\/div><!--article-content-wrap-->\n        \n      <\/div><!--\/content-inner-->\n        \n    <\/div><!--\/post-content-->\n      \n  <\/div><!--\/inner-wrap-->\n    \n<\/article>     \n     \n<article id=\"post-49181\" class=\"masonry-blog-item post-49181 post type-post status-publish format-standard has-post-thumbnail category-noticias\">  \n    \n  <div class=\"inner-wrap animated\">\n    \n    <div class=\"post-content\">\n\n      <div class=\"content-inner\">\n        \n        <a class=\"entire-meta-link\" href=\"https:\/\/fos.consulting\/en\/blog\/2026\/04\/28\/grosso-impulsa-su-modelo-sin-gluten-en-a-coruna\/\"><span class=\"screen-reader-text\">Grosso impulsa su modelo sin gluten en A Coru\u00f1a<\/span><\/a>\n        \n        <span class=\"post-featured-img\"><img loading=\"lazy\" decoding=\"async\" width=\"800\" height=\"566\" src=\"https:\/\/fos.consulting\/wp-content\/uploads\/2026\/04\/7952932-xuMGjw-800x566.avif\" class=\"attachment-medium_featured size-medium_featured has-transparency skip-lazy wp-post-image\" alt=\"\" title=\"\" sizes=\"auto, (min-width: 690px) 50vw, 100vw\" srcset=\"https:\/\/fos.consulting\/wp-content\/uploads\/2026\/04\/7952932-xuMGjw-800x566.avif 800w, https:\/\/fos.consulting\/wp-content\/uploads\/2026\/04\/7952932-xuMGjw-18x12.avif 18w\" data-has-transparency=\"true\" data-dominant-color=\"8b6a4e\" style=\"--dominant-color: #8b6a4e;\" \/><\/span>        \n        <div class=\"article-content-wrap\">\n          \n          <span class=\"meta-category\"><a class=\"noticias\" href=\"https:\/\/fos.consulting\/en\/categorias-base\/noticias\/\">Revistahosteleria.com<\/a><\/span>          \n          <div class=\"post-header\">\n            <h3 class=\"title\"><a href=\"https:\/\/fos.consulting\/en\/blog\/2026\/04\/28\/grosso-impulsa-su-modelo-sin-gluten-en-a-coruna\/\"> Grosso impulsa su modelo sin gluten en A Coru\u00f1a<\/a><\/h3>\n                      <\/div>\n          \n        <\/div><!--article-content-wrap-->\n        \n      <\/div><!--\/content-inner-->\n        \n    <\/div><!--\/post-content-->\n      \n  <\/div><!--\/inner-wrap-->\n    \n<\/article>     \n     \n<article id=\"post-49155\" class=\"masonry-blog-item post-49155 post type-post status-publish format-standard has-post-thumbnail category-noticias\">  \n    \n  <div class=\"inner-wrap animated\">\n    \n    <div class=\"post-content\">\n\n      <div class=\"content-inner\">\n        \n        <a class=\"entire-meta-link\" href=\"https:\/\/fos.consulting\/en\/blog\/2026\/04\/28\/el-salario-en-el-turismo-crece-un-76-en-2025\/\"><span class=\"screen-reader-text\">El salario en el turismo crece un 7,6% en 2025<\/span><\/a>\n        \n        <span class=\"post-featured-img\"><img loading=\"lazy\" decoding=\"async\" width=\"800\" height=\"690\" src=\"https:\/\/fos.consulting\/wp-content\/uploads\/2026\/04\/7951375-tJdXVO-800x690.avif\" class=\"attachment-medium_featured size-medium_featured not-transparent skip-lazy wp-post-image\" alt=\"\" title=\"\" sizes=\"auto, (min-width: 690px) 50vw, 100vw\" data-has-transparency=\"false\" data-dominant-color=\"e5e0cd\" style=\"--dominant-color: #e5e0cd;\" \/><\/span>        \n        <div class=\"article-content-wrap\">\n          \n          <span class=\"meta-category\"><a class=\"noticias\" href=\"https:\/\/fos.consulting\/en\/categorias-base\/noticias\/\">Revistahosteleria.com<\/a><\/span>          \n          <div class=\"post-header\">\n            <h3 class=\"title\"><a href=\"https:\/\/fos.consulting\/en\/blog\/2026\/04\/28\/el-salario-en-el-turismo-crece-un-76-en-2025\/\"> El salario en el turismo crece un 7,6% en 2025<\/a><\/h3>\n                      <\/div>\n          \n        <\/div><!--article-content-wrap-->\n        \n      <\/div><!--\/content-inner-->\n        \n    <\/div><!--\/post-content-->\n      \n  <\/div><!--\/inner-wrap-->\n    \n<\/article>     \n     \n<article id=\"post-49169\" class=\"masonry-blog-item post-49169 post type-post status-publish format-standard has-post-thumbnail category-noticias\">  \n    \n  <div class=\"inner-wrap animated\">\n    \n    <div class=\"post-content\">\n\n      <div class=\"content-inner\">\n        \n        <a class=\"entire-meta-link\" href=\"https:\/\/fos.consulting\/en\/blog\/2026\/04\/28\/andreu-genestra-asume-la-direccion-culinaria-de-la-reserva-rotana\/\"><span class=\"screen-reader-text\">Andreu Genestra asume la direcci\u00f3n culinaria de La Reserva Rotana<\/span><\/a>\n        \n        <span class=\"post-featured-img\"><img loading=\"lazy\" decoding=\"async\" width=\"800\" height=\"800\" src=\"https:\/\/fos.consulting\/wp-content\/uploads\/2026\/04\/7951364-uQiRob-800x800.avif\" class=\"attachment-medium_featured size-medium_featured not-transparent skip-lazy wp-post-image\" alt=\"\" title=\"\" sizes=\"auto, (min-width: 690px) 50vw, 100vw\" srcset=\"https:\/\/fos.consulting\/wp-content\/uploads\/2026\/04\/7951364-uQiRob-800x800.avif 800w, https:\/\/fos.consulting\/wp-content\/uploads\/2026\/04\/7951364-uQiRob-150x150.avif 150w, https:\/\/fos.consulting\/wp-content\/uploads\/2026\/04\/7951364-uQiRob-140x140.avif 140w, https:\/\/fos.consulting\/wp-content\/uploads\/2026\/04\/7951364-uQiRob-100x100.avif 100w, https:\/\/fos.consulting\/wp-content\/uploads\/2026\/04\/7951364-uQiRob-500x500.avif 500w, https:\/\/fos.consulting\/wp-content\/uploads\/2026\/04\/7951364-uQiRob-350x350.avif 350w, https:\/\/fos.consulting\/wp-content\/uploads\/2026\/04\/7951364-uQiRob-1000x1000.avif 1000w, https:\/\/fos.consulting\/wp-content\/uploads\/2026\/04\/7951364-uQiRob-50x50.avif 50w\" data-has-transparency=\"false\" data-dominant-color=\"716245\" style=\"--dominant-color: #716245;\" \/><\/span>        \n        <div class=\"article-content-wrap\">\n          \n          <span class=\"meta-category\"><a class=\"noticias\" href=\"https:\/\/fos.consulting\/en\/categorias-base\/noticias\/\">Revistahosteleria.com<\/a><\/span>          \n          <div class=\"post-header\">\n            <h3 class=\"title\"><a href=\"https:\/\/fos.consulting\/en\/blog\/2026\/04\/28\/andreu-genestra-asume-la-direccion-culinaria-de-la-reserva-rotana\/\"> Andreu Genestra asume la direcci\u00f3n culinaria de La Reserva Rotana<\/a><\/h3>\n                      <\/div>\n          \n        <\/div><!--article-content-wrap-->\n        \n      <\/div><!--\/content-inner-->\n        \n    <\/div><!--\/post-content-->\n      \n  <\/div><!--\/inner-wrap-->\n    \n<\/article>     \n     \n<article id=\"post-49171\" class=\"masonry-blog-item post-49171 post type-post status-publish format-standard has-post-thumbnail category-noticias\">  \n    \n  <div class=\"inner-wrap animated\">\n    \n    <div class=\"post-content\">\n\n      <div class=\"content-inner\">\n        \n        <a class=\"entire-meta-link\" href=\"https:\/\/fos.consulting\/en\/blog\/2026\/04\/28\/lactalis-foodservice-lanza-una-campana-de-batidos-puleva-para-desarrollar-la-categoria-en-horeca\/\"><span class=\"screen-reader-text\">Lactalis Foodservice lanza una campa\u00f1a de Batidos Puleva para desarrollar la categor\u00eda en Horeca<\/span><\/a>\n        \n        <span class=\"post-featured-img\"><img loading=\"lazy\" decoding=\"async\" width=\"800\" height=\"800\" src=\"https:\/\/fos.consulting\/wp-content\/uploads\/2026\/04\/7951419-xaYkDs-800x800.avif\" class=\"attachment-medium_featured size-medium_featured not-transparent skip-lazy wp-post-image\" alt=\"\" title=\"\" sizes=\"auto, (min-width: 690px) 50vw, 100vw\" srcset=\"https:\/\/fos.consulting\/wp-content\/uploads\/2026\/04\/7951419-xaYkDs-800x800.avif 800w, https:\/\/fos.consulting\/wp-content\/uploads\/2026\/04\/7951419-xaYkDs-150x150.avif 150w, https:\/\/fos.consulting\/wp-content\/uploads\/2026\/04\/7951419-xaYkDs-140x140.avif 140w, https:\/\/fos.consulting\/wp-content\/uploads\/2026\/04\/7951419-xaYkDs-100x100.avif 100w, https:\/\/fos.consulting\/wp-content\/uploads\/2026\/04\/7951419-xaYkDs-500x500.avif 500w, https:\/\/fos.consulting\/wp-content\/uploads\/2026\/04\/7951419-xaYkDs-350x350.avif 350w, https:\/\/fos.consulting\/wp-content\/uploads\/2026\/04\/7951419-xaYkDs-1000x1000.avif 1000w, https:\/\/fos.consulting\/wp-content\/uploads\/2026\/04\/7951419-xaYkDs-50x50.avif 50w, https:\/\/fos.consulting\/wp-content\/uploads\/2026\/04\/7951419-xaYkDs.avif 1600w\" data-has-transparency=\"false\" data-dominant-color=\"584d41\" style=\"--dominant-color: #584d41;\" \/><\/span>        \n        <div class=\"article-content-wrap\">\n          \n          <span class=\"meta-category\"><a class=\"noticias\" href=\"https:\/\/fos.consulting\/en\/categorias-base\/noticias\/\">Revistahosteleria.com<\/a><\/span>          \n          <div class=\"post-header\">\n            <h3 class=\"title\"><a href=\"https:\/\/fos.consulting\/en\/blog\/2026\/04\/28\/lactalis-foodservice-lanza-una-campana-de-batidos-puleva-para-desarrollar-la-categoria-en-horeca\/\"> Lactalis Foodservice lanza una campa\u00f1a de Batidos Puleva para desarrollar la categor\u00eda en Horeca<\/a><\/h3>\n                      <\/div>\n          \n        <\/div><!--article-content-wrap-->\n        \n      <\/div><!--\/content-inner-->\n        \n    <\/div><!--\/post-content-->\n      \n  <\/div><!--\/inner-wrap-->\n    \n<\/article>    \n    <\/div><!--\/posts container-->\n    \n    <nav id=\"pagination\" role=\"navigation\" aria-label=\"Pagination Navigation\" data-is-text=\"All items loaded\"><ul class='page-numbers'>\n\t<li><span aria-current=\"page\" class=\"page-numbers current\">1<\/span><\/li>\n\t<li><a class=\"page-numbers\" href=\"https:\/\/fos.consulting\/en\/wp-json\/wp\/v2\/pages\/6228\/page\/2\/\">2<\/a><\/li>\n\t<li><a class=\"page-numbers\" href=\"https:\/\/fos.consulting\/en\/wp-json\/wp\/v2\/pages\/6228\/page\/3\/\">3<\/a><\/li>\n\t<li><span class=\"page-numbers dots\">&hellip;<\/span><\/li>\n\t<li><a class=\"page-numbers\" href=\"https:\/\/fos.consulting\/en\/wp-json\/wp\/v2\/pages\/6228\/page\/432\/\">432<\/a><\/li>\n\t<li><a class=\"next page-numbers\" href=\"https:\/\/fos.consulting\/en\/wp-json\/wp\/v2\/pages\/6228\/page\/2\/\">Next &raquo;<\/a><\/li>\n<\/ul>\n<\/nav>  \n<\/div><!--\/post area-->\n\n<\/div>  \n\n<\/div>\n\n\n\t\t\t<\/div> \n\t\t<\/div>\n\t<\/div> \n<\/div><\/div>","protected":false},"excerpt":{"rendered":"Lactalis Foodservice, a trav\u00e9s de Batidos Puleva, lanza \u201cSi te va, te va\u201d, una campa\u00f1a orientada a impulsar el desarrollo de la categor\u00eda de batidos...","protected":false},"author":18,"featured_media":0,"parent":0,"menu_order":0,"comment_status":"closed","ping_status":"closed","template":"","meta":{"footnotes":""},"class_list":["post-6228","page","type-page","status-publish"],"jetpack_sharing_enabled":true,"jetpack-related-posts":[],"jetpack_shortlink":"https:\/\/wp.me\/PfY7gm-1Cs","_links":{"self":[{"href":"https:\/\/fos.consulting\/en\/wp-json\/wp\/v2\/pages\/6228","targetHints":{"allow":["GET"]}}],"collection":[{"href":"https:\/\/fos.consulting\/en\/wp-json\/wp\/v2\/pages"}],"about":[{"href":"https:\/\/fos.consulting\/en\/wp-json\/wp\/v2\/types\/page"}],"author":[{"embeddable":true,"href":"https:\/\/fos.consulting\/en\/wp-json\/wp\/v2\/users\/18"}],"replies":[{"embeddable":true,"href":"https:\/\/fos.consulting\/en\/wp-json\/wp\/v2\/comments?post=6228"}],"version-history":[{"count":31,"href":"https:\/\/fos.consulting\/en\/wp-json\/wp\/v2\/pages\/6228\/revisions"}],"predecessor-version":[{"id":30994,"href":"https:\/\/fos.consulting\/en\/wp-json\/wp\/v2\/pages\/6228\/revisions\/30994"}],"wp:attachment":[{"href":"https:\/\/fos.consulting\/en\/wp-json\/wp\/v2\/media?parent=6228"}],"curies":[{"name":"wp","href":"https:\/\/api.w.org\/{rel}","templated":true}]}}